{"id":64905,"date":"2026-03-12T09:22:16","date_gmt":"2026-03-12T08:22:16","guid":{"rendered":"https:\/\/www.eurocampings.nl\/blog\/?post_type=listing&#038;p=64905"},"modified":"2026-03-13T13:57:41","modified_gmt":"2026-03-13T12:57:41","slug":"highlights-der-camplife-testtour","status":"publish","type":"listing","link":"https:\/\/www.eurocampings.de\/blog\/listing\/highlights-der-camplife-testtour\/","title":{"rendered":"Die Highlights der CampLife TestTour"},"content":{"rendered":"<p>Zw\u00f6lf Tage, vier Teams, drei Destinationen und zahllose unvergessliche Erinnerungen: Das war die erste CampLife TestTour in D\u00e4nemark! Die Rienhoffs, Herta und Frank, Ricarda und Lars sowie Maja und Felix haben w\u00e4hrend der CampLife TestTour die Campingfahrzeuge genau unter die Lupe genommen, die s\u00fcdliche Ostseek\u00fcste D\u00e4nemarks kennengelernt und die Region bei vielf\u00e4ltigen Aktivit\u00e4ten entdeckt.<\/p>\n<p><strong>Inhaltsverzeichnis<\/strong><\/p>\n<ul>\n<li><a href=\"#1\">1. Die Regionen w\u00e4hrend der CampLife TestTour <\/a><\/li>\n<li><a href=\"#2\">2. Die Aktivit\u00e4ten der CampLife TestTour <\/a><\/li>\n<li><a href=\"#3\">3. Die Tester der CampLife TestTour &amp; Test<\/a><\/li>\n<li><a href=\"#4\">4. Die Erfahrungen der Teams <\/a><\/li>\n<\/ul>\n<p><strong>Zusammengefasst<\/strong><br \/>\n<strong>Vier Teams, zw\u00f6lf Tage und unz\u00e4hlige Eindr\u00fccke: Bei der CampLife TestTour durch <a href=\"https:\/\/www.eurocampings.de\/danemark\/\">D\u00e4nemark<\/a> testeten erfahrene Camper und Neulinge verschiedene Campingfahrzeuge \u2013 darunter den LMC Style 400 F, Dethleffs Camper 530 FSK, Etrusco CV 600 SB und den B\u00fcrstner Lyseo Time Skyline Edition \u2013 sowie die Zugfahrzeuge Mazda CX-60 und Mazda CX-80. Dabei erkundeten sie die Regionen S\u00f8nderjylland, Kystlandet und Trekantomr\u00e5det und erlebten von Familienabenteuern im LEGOLAND\u00ae \u00fcber Rad- und Wandertouren in der Natur bis hin zu kulturellen Highlights wie Koldinghus oder der Wikingergeschichte in Jelling die Vielfalt der d\u00e4nischen Ostseek\u00fcste. Die Testteams sammelten dabei wertvolle Erfahrungen mit Caravan, Kastenwagen und Wohnmobil \u2013 und stellten fest, wie unterschiedlich Camping sein kann, aber immer eines bietet: Freiheit, Flexibilit\u00e4t und unvergessliche Reiseerlebnisse.<\/strong><\/p>\n<h2 id=\"1\">1. Die Regionen w\u00e4hrend der CampLife TestTour<\/h2>\n<p>In den drei Regionen <a href=\"https:\/\/www.visitsonderjylland.de\/tourist\/willkommen-sonderjylland\" target=\"_blank\" rel=\"noopener\">S\u00f8nderjylland<\/a>, <a href=\"https:\/\/www.kystlandet.de\/kuestenland\" target=\"_blank\" rel=\"noopener\">Kystlandet<\/a> und <a href=\"https:\/\/www.destinationtrekantomraadet.de\/destination-trekantomraadet\" target=\"_blank\" rel=\"noopener\">Trekantomr\u00e5det<\/a> erlebten die vier Teams der <a href=\"https:\/\/www.eurocampings.de\/blog\/listing-type\/testtour\/\">CampLife TestTour<\/a> abwechslungsreiche Aktivit\u00e4ten und lernten die Vielfalt der d\u00e4nischen Ostseek\u00fcste kennen.<\/p>\n<div id=\"attachment_64912\" style=\"width: 810px\" class=\"wp-caption alignnone\"><img loading=\"lazy\" decoding=\"async\" aria-describedby=\"caption-attachment-64912\" class=\"wp-image-64912 size-full\" src=\"https:\/\/www.eurocampings.de\/blog\/wp-content\/uploads\/2026\/03\/CampLifeTestTour-Highlights-Sonderballe-Strand-Camping.jpg\" alt=\"Drohnenansicht des S\u00f8nderballe Strand Camping in S\u00f8nderjylland\" width=\"800\" height=\"600\" srcset=\"https:\/\/www.eurocampings.de\/blog\/wp-content\/uploads\/2026\/03\/CampLifeTestTour-Highlights-Sonderballe-Strand-Camping.jpg 800w, https:\/\/www.eurocampings.de\/blog\/wp-content\/uploads\/2026\/03\/CampLifeTestTour-Highlights-Sonderballe-Strand-Camping-300x225.jpg 300w, https:\/\/www.eurocampings.de\/blog\/wp-content\/uploads\/2026\/03\/CampLifeTestTour-Highlights-Sonderballe-Strand-Camping-768x576.jpg 768w\" sizes=\"auto, (max-width: 800px) 100vw, 800px\" \/><p id=\"caption-attachment-64912\" class=\"wp-caption-text\">S\u00f8nderballe Strand Camping in S\u00f8nderjylland<\/p><\/div>\n<p>Los ging es in der <a href=\"https:\/\/www.visitsonderjylland.de\/tourist\/willkommen-sonderjylland\" target=\"_blank\" rel=\"noopener\">Destination S\u00f8nderjylland<\/a> auf dem <a href=\"https:\/\/www.eurocampings.de\/danemark\/suddanemark\/haderslev\/sonderballe-strand-camping-101844\/\">S\u00f8nderballe Strand Camping<\/a>, wo den Teams bereits bei der Ankunft die Postkartenidylle der Region ins Auge fiel. Im weiteren Verlauf der Tour standen auch zahlreiche Erlebnisse in Kystlandet und Trekantomr\u00e5det auf dem Programm. In der zweiten H\u00e4lfte der Reise zog es die Teams zum <a href=\"https:\/\/www.eurocampings.de\/danemark\/midtjylland\/horsens\/horsens-city-camping-aps-101865\/\">Horsens City Camping<\/a>, der ebenfalls ein idealer Ausgangspunkt f\u00fcr die geplanten Aktivit\u00e4ten war.<\/p>\n<div id=\"attachment_64916\" style=\"width: 810px\" class=\"wp-caption alignnone\"><img loading=\"lazy\" decoding=\"async\" aria-describedby=\"caption-attachment-64916\" class=\"wp-image-64916 size-full\" src=\"https:\/\/www.eurocampings.de\/blog\/wp-content\/uploads\/2026\/03\/CampLifeTestTour-Highlights-Horsens-City-Camping.jpg\" alt=\"Drohnenansicht des Horsens City Camping am Horsens Fjord\" width=\"800\" height=\"600\" srcset=\"https:\/\/www.eurocampings.de\/blog\/wp-content\/uploads\/2026\/03\/CampLifeTestTour-Highlights-Horsens-City-Camping.jpg 800w, https:\/\/www.eurocampings.de\/blog\/wp-content\/uploads\/2026\/03\/CampLifeTestTour-Highlights-Horsens-City-Camping-300x225.jpg 300w, https:\/\/www.eurocampings.de\/blog\/wp-content\/uploads\/2026\/03\/CampLifeTestTour-Highlights-Horsens-City-Camping-768x576.jpg 768w\" sizes=\"auto, (max-width: 800px) 100vw, 800px\" \/><p id=\"caption-attachment-64916\" class=\"wp-caption-text\">Das Horsens City Camping am Horsens Fjord<\/p><\/div>\n<h2 id=\"2\">2. Die Aktivit\u00e4ten der CampLife TestTour<\/h2>\n<p>Die Rienhoffs erlebten neben einen rasanten Tag in der <a href=\"https:\/\/www.destinationtrekantomraadet.de\/destination-trekantomraadet\" target=\"_blank\" rel=\"noopener\">Destination Trekantomr\u00e5det<\/a> im <a href=\"https:\/\/www.legoland.dk\/de\/\" target=\"_blank\" rel=\"noopener\">LEGOLAND\u00ae<\/a>\u00a0 und testeten dort die Achterbahnen.<\/p>\n<div id=\"attachment_62299\" style=\"width: 810px\" class=\"wp-caption alignnone\"><img loading=\"lazy\" decoding=\"async\" aria-describedby=\"caption-attachment-62299\" class=\"wp-image-62299 size-full\" src=\"https:\/\/www.eurocampings.de\/blog\/wp-content\/uploads\/2025\/11\/Legoland-Achterbahn.png\" alt=\"Die vier Rienhoffs fahren mit weit gestreckten Armen vom h\u00f6chsten Punkt der Achterbahn nach unten\" width=\"800\" height=\"600\" srcset=\"https:\/\/www.eurocampings.de\/blog\/wp-content\/uploads\/2025\/11\/Legoland-Achterbahn.png 800w, https:\/\/www.eurocampings.de\/blog\/wp-content\/uploads\/2025\/11\/Legoland-Achterbahn-300x225.png 300w, https:\/\/www.eurocampings.de\/blog\/wp-content\/uploads\/2025\/11\/Legoland-Achterbahn-768x576.png 768w\" sizes=\"auto, (max-width: 800px) 100vw, 800px\" \/><p id=\"caption-attachment-62299\" class=\"wp-caption-text\">Die Rienhoffs lieben das Abenteuer<\/p><\/div>\n<p>Au\u00dferdem erlebten sie einen entspannten Familientag inklusive Krabbenfischen in der gem\u00fctlichen Hafenstadt Juelsminde und lernten im Universe Science Park, wie spannend Wissenschaft sein kann. F\u00fcr Team Aktiv reichte das Aktivit\u00e4tenspektrum von Natur pur beim Wandern und Fahrradfahren in der Region bis zu neuen Perspektiven beim BridgeWalk.<\/p>\n<div id=\"attachment_64604\" style=\"width: 810px\" class=\"wp-caption alignnone\"><img loading=\"lazy\" decoding=\"async\" aria-describedby=\"caption-attachment-64604\" class=\"wp-image-64604 size-full\" src=\"https:\/\/www.eurocampings.de\/blog\/wp-content\/uploads\/2026\/02\/CampLife-TestTour-Fjordmino-Steeg.jpg\" alt=\"Maja und Felix sitzen auf einem Steg \u00fcber dem Wasser\" width=\"800\" height=\"600\" srcset=\"https:\/\/www.eurocampings.de\/blog\/wp-content\/uploads\/2026\/02\/CampLife-TestTour-Fjordmino-Steeg.jpg 800w, https:\/\/www.eurocampings.de\/blog\/wp-content\/uploads\/2026\/02\/CampLife-TestTour-Fjordmino-Steeg-300x225.jpg 300w, https:\/\/www.eurocampings.de\/blog\/wp-content\/uploads\/2026\/02\/CampLife-TestTour-Fjordmino-Steeg-768x576.jpg 768w\" sizes=\"auto, (max-width: 800px) 100vw, 800px\" \/><p id=\"caption-attachment-64604\" class=\"wp-caption-text\">Maja und Felix wandern unter anderem entlang der K\u00fcstenlinie<\/p><\/div>\n<p>Herta und Frank entdeckten die s\u00fcdliche Ostseek\u00fcste von einer ganz kulturellen Seite: Sie reisten mit einem Besuch des Schlosses Koldinghus in die Vergangenheit, tauchten im Gef\u00e4ngnismuseum mit anschlie\u00dfendem Mittelalterfestival in Horsens in spannende Geschichte ein und erkundeten die Wikingergeschichte in Jelling.<\/p>\n<div id=\"attachment_63185\" style=\"width: 810px\" class=\"wp-caption alignnone\"><img loading=\"lazy\" decoding=\"async\" aria-describedby=\"caption-attachment-63185\" class=\"wp-image-63185 size-full\" src=\"https:\/\/www.eurocampings.de\/blog\/wp-content\/uploads\/2025\/12\/Jelling-Runenstein.png\" alt=\"Herta und Frank stehen vor gro\u00dfem Runenstein mit Guide, der diese erkl\u00e4rt\" width=\"800\" height=\"600\" srcset=\"https:\/\/www.eurocampings.de\/blog\/wp-content\/uploads\/2025\/12\/Jelling-Runenstein.png 800w, https:\/\/www.eurocampings.de\/blog\/wp-content\/uploads\/2025\/12\/Jelling-Runenstein-300x225.png 300w, https:\/\/www.eurocampings.de\/blog\/wp-content\/uploads\/2025\/12\/Jelling-Runenstein-768x576.png 768w\" sizes=\"auto, (max-width: 800px) 100vw, 800px\" \/><p id=\"caption-attachment-63185\" class=\"wp-caption-text\">Herta und Frank erfahren in Jelling vieles \u00fcber die Wikingerzeit<\/p><\/div>\n<p>Ricarda und Lars lernten Aabenraa bei einer Nachtw\u00e4chterf\u00fchrung kennen, wurden im LEGO\u00ae House noch einmal selbst zu Baumeistern und wagten sich schlie\u00dflich mit SUP-Boards auf neue Gew\u00e4sser.<\/p>\n<div id=\"attachment_64216\" style=\"width: 810px\" class=\"wp-caption alignnone\"><img loading=\"lazy\" decoding=\"async\" aria-describedby=\"caption-attachment-64216\" class=\"wp-image-64216 size-full\" src=\"https:\/\/www.eurocampings.de\/blog\/wp-content\/uploads\/2026\/02\/CampLife-TestTour-Horsens-City-Camping-SUP-Horsens.jpg\" alt=\"Ricarda und Lars paddeln vom Horsens City Camping hinaus auf den Horsens Fjord\" width=\"800\" height=\"600\" srcset=\"https:\/\/www.eurocampings.de\/blog\/wp-content\/uploads\/2026\/02\/CampLife-TestTour-Horsens-City-Camping-SUP-Horsens.jpg 800w, https:\/\/www.eurocampings.de\/blog\/wp-content\/uploads\/2026\/02\/CampLife-TestTour-Horsens-City-Camping-SUP-Horsens-300x225.jpg 300w, https:\/\/www.eurocampings.de\/blog\/wp-content\/uploads\/2026\/02\/CampLife-TestTour-Horsens-City-Camping-SUP-Horsens-768x576.jpg 768w\" sizes=\"auto, (max-width: 800px) 100vw, 800px\" \/><p id=\"caption-attachment-64216\" class=\"wp-caption-text\">Ricarda und Lars paddeln vom Horsens City Camping hinaus auf den Horsens Fjord<\/p><\/div>\n<h2 id=\"3\">3. Die Tester der CampLife TestTour: Von Camping-Neulingen bis zu alten \u201eCampinghasen\u201c<\/h2>\n<p>Bei der ersten CampLife TestTour feierten Herta und Frank ihr Camping-Deb\u00fct. Mit dem Gespann aus <a href=\"https:\/\/www.mazda.de\/\" target=\"_blank\" rel=\"noopener\">Mazda CX-60<\/a> und<a href=\"https:\/\/www.lmc-caravan.com\/de\/de\" target=\"_blank\" rel=\"noopener\"> LMC Style 400 F<\/a> erlebten die beiden zum ersten Mal, wie sich das Reisen mit einem Caravan anf\u00fchlt und meisterten auch den Aufbau des <a href=\"https:\/\/www.dometic.com\/de-de\" target=\"_blank\" rel=\"noopener\">Dometic-Vorzelts<\/a> erfolgreich.<\/p>\n<div id=\"attachment_64932\" style=\"width: 810px\" class=\"wp-caption alignnone\"><img loading=\"lazy\" decoding=\"async\" aria-describedby=\"caption-attachment-64932\" class=\"wp-image-64932 size-full\" src=\"https:\/\/www.eurocampings.de\/blog\/wp-content\/uploads\/2026\/03\/CampLifeTestTour-Highlights-Team-beginner.jpg\" alt=\"Herta und Frank stehen vor ihrem Gespann aus rotem Mazda und LMC Caravan\" width=\"800\" height=\"600\" srcset=\"https:\/\/www.eurocampings.de\/blog\/wp-content\/uploads\/2026\/03\/CampLifeTestTour-Highlights-Team-beginner.jpg 800w, https:\/\/www.eurocampings.de\/blog\/wp-content\/uploads\/2026\/03\/CampLifeTestTour-Highlights-Team-beginner-300x225.jpg 300w, https:\/\/www.eurocampings.de\/blog\/wp-content\/uploads\/2026\/03\/CampLifeTestTour-Highlights-Team-beginner-768x576.jpg 768w\" sizes=\"auto, (max-width: 800px) 100vw, 800px\" \/><p id=\"caption-attachment-64932\" class=\"wp-caption-text\">Herta und Frank vereisen zum ersten Mal mit Caravan-Gespann<\/p><\/div>\n<h3>Herta und Frank: Vom Camping-Neuling zum Caravan-Fan<\/h3>\n<p>Ihr Fazit zum Gespann f\u00e4llt durchweg positiv aus. Frank ist vom <strong>Mazda CX-60<\/strong> sehr begeistert begeistert:\u201eDer Mazda CX-60 ist ein wunderbares Zugfahrzeug. Ich liebe ihn. Er hat eine wahnsinnig tolle Farbe \u2013 ich glaube, das ist das sch\u00f6nste Rot, das es bei Autos gibt. Er ist laufruhig, stark und bietet sowohl im Innenraum als auch im Kofferraum gen\u00fcgend Platz. Gleichzeitig wirkt er nicht zu gro\u00df oder unhandlich. Also eigentlich wirklich perfekt.\u201c<br \/>\nAuch Herta zeigt sich nach der CampLife TestTour positiv \u00fcberrascht vom Caravan <strong>LMC Style 400 F<\/strong>. Besonders das Raumgef\u00fchl hat sie beeindruckt: \u201eDer Caravan LMC Style 400 F ist erstaunlich gro\u00df. Wir waren wirklich \u00fcberrascht \u00fcber das gro\u00dfz\u00fcgige Raumgef\u00fchl hier drin. Man kann alles machen \u2013 kochen, sitzen, einfach gem\u00fctlich zusammen sein.\u201c<\/p>\n<div id=\"attachment_64924\" style=\"width: 810px\" class=\"wp-caption alignnone\"><img loading=\"lazy\" decoding=\"async\" aria-describedby=\"caption-attachment-64924\" class=\"wp-image-64924 size-full\" src=\"https:\/\/www.eurocampings.de\/blog\/wp-content\/uploads\/2026\/03\/CampLifeTestTour-Highlights-LMC.jpg\" alt=\"Mazda CX-60 mit LMC Style 400 F f\u00e4hrt entlang eines Fjords mit viel gr\u00fcn im Hintergrund\" width=\"800\" height=\"600\" srcset=\"https:\/\/www.eurocampings.de\/blog\/wp-content\/uploads\/2026\/03\/CampLifeTestTour-Highlights-LMC.jpg 800w, https:\/\/www.eurocampings.de\/blog\/wp-content\/uploads\/2026\/03\/CampLifeTestTour-Highlights-LMC-300x225.jpg 300w, https:\/\/www.eurocampings.de\/blog\/wp-content\/uploads\/2026\/03\/CampLifeTestTour-Highlights-LMC-768x576.jpg 768w\" sizes=\"auto, (max-width: 800px) 100vw, 800px\" \/><p id=\"caption-attachment-64924\" class=\"wp-caption-text\">Nach der CampLife TestTour \u00fcberlegen Herta und Frank, sich einen Caravan anzuschaffen<\/p><\/div>\n<p>Gut gefallen haben den beiden au\u00dferdem die zwei Betten. Besonders gerne schliefen sie im Aufstelldach, das als Zusatzoption erh\u00e4ltlich ist. \u201eEs ist gro\u00df genug und sehr gem\u00fctlich\u201c, erz\u00e4hlt Herta.<br \/>\nNach dem Test hat sich ihre Einstellung zum Caravan-Camping deutlich ver\u00e4ndert. \u201eNach dieser Erfahrung beziehen wir einen Caravan auf jeden Fall in unsere \u00dcberlegungen mit ein. Das h\u00e4tten wir vorher nicht gedacht\u201c, sagt sie. Urspr\u00fcnglich hatte sich das Beginner-Team n\u00e4mlich eigentlich f\u00fcr Team Vanlife beworben, da sie von ihren Reisen mit dem Jeep auf ein anderes Fahrzeugkonzept umsteigen wollten. Am Ende bleibt f\u00fcr Herta vor allem ein Gedanke: \u201eDas ist schon eine \u00dcberlegung wert \u2013 auf jeden Fall!\u201c<\/p>\n<h3>Vanlife auf Probe: Ricarda und Lars sind flexibel unterwegs<\/h3>\n<p>Auch Ricarda und Lars schnupperten zum ersten Mal Vanlife und erlebten, wie es ist, mit dem <a href=\"https:\/\/www.etrusco.com\/de\/de\" target=\"_blank\" rel=\"noopener\">Etrusco CV 600 SB<\/a> flexibel mit dem eigenen Campingfahrzeug durch D\u00e4nemark zu reisen.<\/p>\n<div id=\"attachment_64948\" style=\"width: 810px\" class=\"wp-caption alignnone\"><img loading=\"lazy\" decoding=\"async\" aria-describedby=\"caption-attachment-64948\" class=\"wp-image-64948 size-full\" src=\"https:\/\/www.eurocampings.de\/blog\/wp-content\/uploads\/2026\/03\/CampLife-TestTour-Highlights-team-vanlife.png\" alt=\"Ricarda und Lars stehen vor dem Van, dem Etrusco CV 600 SB\" width=\"800\" height=\"600\" srcset=\"https:\/\/www.eurocampings.de\/blog\/wp-content\/uploads\/2026\/03\/CampLife-TestTour-Highlights-team-vanlife.png 800w, https:\/\/www.eurocampings.de\/blog\/wp-content\/uploads\/2026\/03\/CampLife-TestTour-Highlights-team-vanlife-300x225.png 300w, https:\/\/www.eurocampings.de\/blog\/wp-content\/uploads\/2026\/03\/CampLife-TestTour-Highlights-team-vanlife-768x576.png 768w\" sizes=\"auto, (max-width: 800px) 100vw, 800px\" \/><p id=\"caption-attachment-64948\" class=\"wp-caption-text\">Team Vanlife: das sind Ricarda und Lars<\/p><\/div>\n<p>Auf die Frage, wie sie das Camperleben erlebt haben und ob der Etrusco vielleicht der Anfang weiterer Camping-Abenteuer sein k\u00f6nnte, f\u00e4llt die Antwort der beiden eindeutig aus. Lars ist grunds\u00e4tzlich begeistert: \u201eDass ich weiter campen w\u00fcrde \u2013 ja, auf jeden Fall! Allerdings hat mich der Grundriss nicht zu 100 Prozent \u00fcberzeugt, weil er nicht ganz zu unseren pers\u00f6nlichen Bed\u00fcrfnissen passt. Ich w\u00fcrde ein k\u00fcrzeres Bett bevorzugen, also kein L\u00e4ngsbett, sondern eher ein Querbett und daf\u00fcr etwas mehr Platz in der Sitzgruppe. Aber das ist nat\u00fcrlich sehr individuell und h\u00e4ngt davon ab, worauf man pers\u00f6nlich am meisten Wert legt.\u201c<\/p>\n<div id=\"attachment_64920\" style=\"width: 810px\" class=\"wp-caption alignnone\"><img loading=\"lazy\" decoding=\"async\" aria-describedby=\"caption-attachment-64920\" class=\"wp-image-64920 size-full\" src=\"https:\/\/www.eurocampings.de\/blog\/wp-content\/uploads\/2026\/03\/CampLifeTestTour-Highlights-Etrusco.jpg\" alt=\"Ricarda und Lars sitzen in einer kurvigen Stra\u00dfe in ihrem Etrusco CV 600 SB\" width=\"800\" height=\"600\" srcset=\"https:\/\/www.eurocampings.de\/blog\/wp-content\/uploads\/2026\/03\/CampLifeTestTour-Highlights-Etrusco.jpg 800w, https:\/\/www.eurocampings.de\/blog\/wp-content\/uploads\/2026\/03\/CampLifeTestTour-Highlights-Etrusco-300x225.jpg 300w, https:\/\/www.eurocampings.de\/blog\/wp-content\/uploads\/2026\/03\/CampLifeTestTour-Highlights-Etrusco-768x576.jpg 768w\" sizes=\"auto, (max-width: 800px) 100vw, 800px\" \/><p id=\"caption-attachment-64920\" class=\"wp-caption-text\">Mit dem Van reist es sich flexibel durch D\u00e4nemark<\/p><\/div>\n<p>Ricarda sieht das ganz \u00e4hnlich: \u201eIch w\u00fcrde es auch noch einmal ausprobieren \u2013 vielleicht mit etwas mehr Platz. Aber grunds\u00e4tzlich ist der Etrusco ein super Fahrzeug, wirklich durch und durch. Au\u00dferdem war es toll, dass wir damit einfach losziehen konnten. In den St\u00e4dten haben wir immer einen Parkplatz gefunden.\u201c Auch Lars hebt diesen Vorteil noch einmal hervor: \u201eGenau, man ist mit so einem Kastenwagen unglaublich flexibel unterwegs. Das geht nat\u00fcrlich etwas zulasten des Platzangebots, aber insgesamt ist es wirklich ein absolut super Fahrzeug.\u201c F\u00fcr Ricarda steht daher fest: \u201eWir k\u00f6nnen uns das auf jeden Fall noch einmal vorstellen.\u201c<\/p>\n<p>Am Ende bleibt f\u00fcr die beiden vor allem eine Frage offen: Welcher Grundriss passt am besten zu ihren Bed\u00fcrfnissen \u2013 und wo liegt f\u00fcr sie pers\u00f6nlich die perfekte Balance zwischen Platzangebot und Flexibilit\u00e4t?<\/p>\n<h3>Die Rienhoffs: Camping-Profis auf TestTour<\/h3>\n<p>Die Rienhoffs bringen bereits einiges an Campingerfahrung mit. Sie besitzen selbst einen Caravan und sind daher mit dem Reisen im Gespann vertraut.<\/p>\n<div id=\"attachment_64936\" style=\"width: 810px\" class=\"wp-caption alignnone\"><img loading=\"lazy\" decoding=\"async\" aria-describedby=\"caption-attachment-64936\" class=\"wp-image-64936 size-full\" src=\"https:\/\/www.eurocampings.de\/blog\/wp-content\/uploads\/2026\/03\/CampLifeTestTour-Highlights-Team-familie.jpg\" alt=\"Petra, Jens, Miriam und Leonie Rienhoff stehen lachend vor ihrem Caravan-Gespann\" width=\"800\" height=\"600\" srcset=\"https:\/\/www.eurocampings.de\/blog\/wp-content\/uploads\/2026\/03\/CampLifeTestTour-Highlights-Team-familie.jpg 800w, https:\/\/www.eurocampings.de\/blog\/wp-content\/uploads\/2026\/03\/CampLifeTestTour-Highlights-Team-familie-300x225.jpg 300w, https:\/\/www.eurocampings.de\/blog\/wp-content\/uploads\/2026\/03\/CampLifeTestTour-Highlights-Team-familie-768x576.jpg 768w\" sizes=\"auto, (max-width: 800px) 100vw, 800px\" \/><p id=\"caption-attachment-64936\" class=\"wp-caption-text\">Die Rienhoffs, das sind Petra, Jens, Miriam und Leonie<\/p><\/div>\n<p>W\u00e4hrend der CampLife TestTour waren Petra und Jens jedoch mit einem neuen Gespann unterwegs: dem <a href=\"https:\/\/www.mazda.de\/\" target=\"_blank\" rel=\"noopener\">Mazda CX-80<\/a> als Zugfahrzeug und dem <a href=\"https:\/\/www.dethleffs.de\/\" target=\"_blank\" rel=\"noopener\">Dethleffs Camper 530 FSK<\/a>. Die Reise mit diesem Gespann hat den beiden sehr gut gefallen. \u201eWir selbst haben einen etwas kleineren Caravan und auch ein kleineres Auto. Deshalb mussten wir uns erst einmal an die Gr\u00f6\u00dfe gew\u00f6hnen \u2013 aber das ging schnell\u201c, erz\u00e4hlt Jens.<\/p>\n<div id=\"attachment_64944\" style=\"width: 810px\" class=\"wp-caption alignnone\"><img loading=\"lazy\" decoding=\"async\" aria-describedby=\"caption-attachment-64944\" class=\"wp-image-64944 size-full\" src=\"https:\/\/www.eurocampings.de\/blog\/wp-content\/uploads\/2026\/03\/CampLife-TestTour-Highlights-Dethleffs.png\" alt=\"Die Rienhoffs sitzen unter der Markise am Tisch vor ihrem Caravan\" width=\"800\" height=\"600\" srcset=\"https:\/\/www.eurocampings.de\/blog\/wp-content\/uploads\/2026\/03\/CampLife-TestTour-Highlights-Dethleffs.png 800w, https:\/\/www.eurocampings.de\/blog\/wp-content\/uploads\/2026\/03\/CampLife-TestTour-Highlights-Dethleffs-300x225.png 300w, https:\/\/www.eurocampings.de\/blog\/wp-content\/uploads\/2026\/03\/CampLife-TestTour-Highlights-Dethleffs-768x576.png 768w\" sizes=\"auto, (max-width: 800px) 100vw, 800px\" \/><p id=\"caption-attachment-64944\" class=\"wp-caption-text\">Viel Raum f\u00fcr die ganze Familie bietet der Dethleffs Camper 530 FSK<\/p><\/div>\n<p>Besonders das Fahrgef\u00fchl mit dem Mazda CX-80 hat die beiden \u00fcberzeugt: \u201eDer Wohnwagen l\u00e4sst sich mit dem Mazda nat\u00fcrlich super ziehen. Das Fahrzeug wirkt sehr souver\u00e4n auf der Stra\u00dfe. Durch sein Gewicht und den starken Motor kommt er mit dem Wohnwagen richtig gut zurecht.\u201c Auch der Caravan selbst hinterlie\u00df einen bleibenden Eindruck bei den Rienhoffs \u2013 vor allem die extrem bequemen Betten, die f\u00fcr besonders erholsame N\u00e4chte sorgten.<\/p>\n<h3>Maja und Felix: Vom Kastenwagen zum Wohnmobil?<\/h3>\n<p>F\u00fcr die camping\u00acerfahrenen Maja und Felix ging es w\u00e4hrend der CampLife TestTour mit dem <a href=\"https:\/\/www.buerstner.com\/de\/buerstner\" target=\"_blank\" rel=\"noopener\">B\u00fcrstner Lyseo Time Skyline Edition<\/a> durch D\u00e4nemark \u2013 von Campingplatz zu Second-Hand-L\u00e4den und zu vielen weiteren Stopps entlang der Route.<\/p>\n<div id=\"attachment_64928\" style=\"width: 810px\" class=\"wp-caption alignnone\"><img loading=\"lazy\" decoding=\"async\" aria-describedby=\"caption-attachment-64928\" class=\"wp-image-64928 size-full\" src=\"https:\/\/www.eurocampings.de\/blog\/wp-content\/uploads\/2026\/03\/CampLifeTestTour-Highlights-Team-aktiv.jpg\" alt=\"Maja und Felix stehen l\u00e4chelnd vor ihrem Camper\" width=\"800\" height=\"600\" srcset=\"https:\/\/www.eurocampings.de\/blog\/wp-content\/uploads\/2026\/03\/CampLifeTestTour-Highlights-Team-aktiv.jpg 800w, https:\/\/www.eurocampings.de\/blog\/wp-content\/uploads\/2026\/03\/CampLifeTestTour-Highlights-Team-aktiv-300x225.jpg 300w, https:\/\/www.eurocampings.de\/blog\/wp-content\/uploads\/2026\/03\/CampLifeTestTour-Highlights-Team-aktiv-768x576.jpg 768w\" sizes=\"auto, (max-width: 800px) 100vw, 800px\" \/><p id=\"caption-attachment-64928\" class=\"wp-caption-text\">Maja und Felix sind erprobte Camper<\/p><\/div>\n<p>Die beiden reisen normalerweise mit einem Kastenwagen. Deshalb stellte sich schnell die Frage, ob ein gr\u00f6\u00dferer Camper f\u00fcr sie k\u00fcnftig infrage kommt. Felix \u00fcberlegt: \u201eGute Frage. Ich denke, dass wir uns das auf lange Sicht schon vorstellen k\u00f6nnen. Im Vergleich zu unserem Kastenwagen merkt man einfach den zus\u00e4tzlichen Meter L\u00e4nge und die gr\u00f6\u00dfere Breite \u2013 das sorgt f\u00fcr ein richtiges Wohngef\u00fchl.\u201c Auch Maja sieht darin klare Vorteile: \u201eDas macht wirklich einen gro\u00dfen Unterschied. Gerade wenn man im Herbst oder Winter unterwegs ist, merkt man durch die bessere Isolierung, dass es viel angenehmer ist, auch bei k\u00e4lteren Temperaturen im Camper zu \u00fcbernachten.\u201c<\/p>\n<div id=\"attachment_64861\" style=\"width: 810px\" class=\"wp-caption alignnone\"><img loading=\"lazy\" decoding=\"async\" aria-describedby=\"caption-attachment-64861\" class=\"wp-image-64861 size-full\" src=\"https:\/\/www.eurocampings.de\/blog\/wp-content\/uploads\/2026\/03\/CampLife-TestTour-Camper-Campingplatz.jpg\" alt=\"Felix sitzt vor dem Camper, Maja tritt mit einer Jacke in der Hand aus der T\u00fcr des Campers.\" width=\"800\" height=\"600\" srcset=\"https:\/\/www.eurocampings.de\/blog\/wp-content\/uploads\/2026\/03\/CampLife-TestTour-Camper-Campingplatz.jpg 800w, https:\/\/www.eurocampings.de\/blog\/wp-content\/uploads\/2026\/03\/CampLife-TestTour-Camper-Campingplatz-300x225.jpg 300w, https:\/\/www.eurocampings.de\/blog\/wp-content\/uploads\/2026\/03\/CampLife-TestTour-Camper-Campingplatz-768x576.jpg 768w\" sizes=\"auto, (max-width: 800px) 100vw, 800px\" \/><p id=\"caption-attachment-64861\" class=\"wp-caption-text\">Wie gef\u00e4llt den beiden der B\u00fcrstner Lyseo Time?<\/p><\/div>\n<p>Besonders den zus\u00e4tzlichen Platz im Innenraum sch\u00e4tzen die beiden. \u201eMan hat einfach mehr M\u00f6glichkeiten, zum Beispiel beim Kochen mit dem Dreiflammenkochfeld\u201c, erz\u00e4hlt Maja. \u201eUnd wir k\u00f6nnen problemlos aneinander vorbeilaufen.\u201cAuch beim Fahren f\u00fchlten sich die beiden mit dem gr\u00f6\u00dferen Fahrzeug sicher. \u201eHier in D\u00e4nemark sind wir mit der Gr\u00f6\u00dfe super zurechtgekommen\u201c, sagt Felix. \u201eWir hatten keinerlei Probleme. In den Schweizer Bergen oder in Norditalien m\u00fcsste sich das vielleicht noch einmal beweisen, aber grunds\u00e4tzlich kommt man sehr gut damit zurecht.\u201c<\/p>\n<h2 id=\"4\">4. Die Erfahrungen der Teams<\/h2>\n<p>Wie haben die Teams die CampLife TestTour erlebt? Am Ende der Reise sind sich alle einig: Die zw\u00f6lf Tage waren voller Eindr\u00fccke, neuer Erfahrungen und unvergesslicher Momente. Frank bringt es auf den Punkt: \u201eDie zw\u00f6lf Tage sind leider viel zu schnell vergangen \u2013 und sie waren unglaublich abwechslungsreich.\u201c Auch Ricarda blickt begeistert zur\u00fcck: \u201eDurch die geplanten Touren und das, was wir zus\u00e4tzlich selbst unternommen haben, konnten wir richtig gute Eindr\u00fccke vom Land, von den Menschen und vom Camping in D\u00e4nemark gewinnen.\u201c F\u00fcr die Rienhoffs war au\u00dferdem ein besonderer Aspekt wichtig: \u201eNat\u00fcrlich war es auch spannend, das Fahrzeug und den Wohnwagen noch besser kennenzulernen.\u201c Und auch Maja hebt vor allem die Destination hervor: \u201eEs war richtig sch\u00f6n, einen neuen Blick auf D\u00e4nemark zu bekommen \u2013 besonders auf die Region und die beeindruckende Landschaft.\u201c<\/p>\n<div id=\"attachment_64940\" style=\"width: 810px\" class=\"wp-caption alignnone\"><img loading=\"lazy\" decoding=\"async\" aria-describedby=\"caption-attachment-64940\" class=\"wp-image-64940 size-full\" src=\"https:\/\/www.eurocampings.de\/blog\/wp-content\/uploads\/2026\/03\/CampLifeTestTour-Highlights-Teams.png\" alt=\"Gruppenbild aller Teams inklusive Fahrzeuge vor dem Fjord\" width=\"800\" height=\"600\" srcset=\"https:\/\/www.eurocampings.de\/blog\/wp-content\/uploads\/2026\/03\/CampLifeTestTour-Highlights-Teams.png 800w, https:\/\/www.eurocampings.de\/blog\/wp-content\/uploads\/2026\/03\/CampLifeTestTour-Highlights-Teams-300x225.png 300w, https:\/\/www.eurocampings.de\/blog\/wp-content\/uploads\/2026\/03\/CampLifeTestTour-Highlights-Teams-768x576.png 768w\" sizes=\"auto, (max-width: 800px) 100vw, 800px\" \/><p id=\"caption-attachment-64940\" class=\"wp-caption-text\">Die Teams finden: gelungene Premiere der CampLife TestTour<\/p><\/div>\n<p>Die CampLife TestTour wurde von ACSI in Zusammenarbeit mit dem Verlag <a href=\"https:\/\/www.motorpresse.de\/\" target=\"_blank\" rel=\"noopener\">Motor Presse Stuttgart<\/a> organisiert und erm\u00f6glicht deutschen Campern authentische Einblicke in die Erfahrungen engagierter Testteams. M\u00f6glich gemacht wurde die CampLife TestTour durch die Unterst\u00fctzung starker Partner: Die <a href=\"https:\/\/www.erwinhymergroup.com\/de\" target=\"_blank\" rel=\"noopener\">Erwin Hymer Group<\/a> und <a href=\"https:\/\/www.mazda.de\/\" target=\"_blank\" rel=\"noopener\">Mazda<\/a> stellten die Fahrzeuge bereit, w\u00e4hrend <a href=\"https:\/\/www.visitdenmark.de\/\" target=\"_blank\" rel=\"noopener\">VisitDenmark<\/a> gemeinsam mit den beteiligten Destinationen die Region pr\u00e4sentierte. Auch der Outdoorspezialist <a href=\"https:\/\/www.dometic.com\/de-de\" target=\"_blank\" rel=\"noopener\">Dometic<\/a> war an der Organisation und Umsetzung der CampLife TestTour beteiligt.<\/p>\n<p>Sieh dir auch unser Videos zum Fazit der CampLife TestTour 2025 im Video an:<br \/>\n<iframe loading=\"lazy\" title=\"YouTube video player\" src=\"https:\/\/www.youtube.com\/embed\/3HNtuhsrMhU?si=WO31XEx03SSe696L\" width=\"560\" height=\"315\" frameborder=\"0\" allowfullscreen=\"allowfullscreen\"><\/iframe><\/p>\n<p>M\u00f6chtest du mehr \u00fcber die CampLife TestTour und die Testteams erfahren? In <a href=\"https:\/\/www.eurocampings.de\/blog\/camplife-testtour-2025\/\">der \u00dcbersicht<\/a> findest du alle Artikel zur CampLife TestTour entlang der s\u00fcdlichen Ostseek\u00fcste J\u00fctlands. Auf dem YouTube-Kanal von ACSI gibt es au\u00dferdem <a href=\"https:\/\/www.youtube.com\/@ACSIDeutschland\" target=\"_blank\" rel=\"noopener\">alle Videos<\/a> zu den Aktivit\u00e4ten, Teams und Campingfahrzeugen.<\/p>\n","protected":false},"excerpt":{"rendered":"<p>Zw\u00f6lf Tage, vier Teams, drei Destinationen und zahllose unvergessliche Erinnerungen: Das war die erste CampLife TestTour in D\u00e4nemark! Die Rienhoffs, Herta und Frank, Ricarda und Lars sowie Maja und Felix haben w\u00e4hrend der CampLife TestTour die Campingfahrzeuge genau unter die Lupe genommen, die s\u00fcdliche Ostseek\u00fcste D\u00e4nemarks kennengelernt und die Region bei vielf\u00e4ltigen Aktivit\u00e4ten entdeckt.<\/p>\n","protected":false},"author":130,"featured_media":64908,"comment_status":"open","ping_status":"closed","template":"","meta":{"_acf_changed":false,"footnotes":""},"listing_type":[9809],"class_list":["post-64905","listing","type-listing","status-publish","has-post-thumbnail","hentry","listing_type-testtour","listing_location-danemark-de"],"acf":[],"_links":{"self":[{"href":"https:\/\/www.eurocampings.de\/blog\/wp-json\/wp\/v2\/listing\/64905","targetHints":{"allow":["GET"]}}],"collection":[{"href":"https:\/\/www.eurocampings.de\/blog\/wp-json\/wp\/v2\/listing"}],"about":[{"href":"https:\/\/www.eurocampings.de\/blog\/wp-json\/wp\/v2\/types\/listing"}],"author":[{"embeddable":true,"href":"https:\/\/www.eurocampings.de\/blog\/wp-json\/wp\/v2\/users\/130"}],"replies":[{"embeddable":true,"href":"https:\/\/www.eurocampings.de\/blog\/wp-json\/wp\/v2\/comments?post=64905"}],"version-history":[{"count":13,"href":"https:\/\/www.eurocampings.de\/blog\/wp-json\/wp\/v2\/listing\/64905\/revisions"}],"predecessor-version":[{"id":65152,"href":"https:\/\/www.eurocampings.de\/blog\/wp-json\/wp\/v2\/listing\/64905\/revisions\/65152"}],"wp:featuredmedia":[{"embeddable":true,"href":"https:\/\/www.eurocampings.de\/blog\/wp-json\/wp\/v2\/media\/64908"}],"wp:attachment":[{"href":"https:\/\/www.eurocampings.de\/blog\/wp-json\/wp\/v2\/media?parent=64905"}],"wp:term":[{"taxonomy":"listing_type","embeddable":true,"href":"https:\/\/www.eurocampings.de\/blog\/wp-json\/wp\/v2\/listing_type?post=64905"}],"curies":[{"name":"wp","href":"https:\/\/api.w.org\/{rel}","templated":true}]}}