{"id":64800,"date":"2026-03-05T11:44:52","date_gmt":"2026-03-05T10:44:52","guid":{"rendered":"https:\/\/www.eurocampings.nl\/blog\/?post_type=listing&#038;p=64800"},"modified":"2026-03-31T10:41:57","modified_gmt":"2026-03-31T08:41:57","slug":"camper-test","status":"publish","type":"listing","link":"https:\/\/www.eurocampings.de\/blog\/listing\/camper-test\/","title":{"rendered":"Camper Test vom B\u00fcrstner Lyseo Time SkyLine EDITION T 690 G"},"content":{"rendered":"<p>Nach neun Monaten im eigenen Kastenwagen, 30 bereisten L\u00e4ndern und zahlreichen Campingerlebnissen wissen Maja und Felix genau, worauf es bei einem Camper ankommt. W\u00e4hrend der CampLife TestTour nehmen sie den B\u00fcrstner Lyseo Skyline Edition genauer unter die Lupe und pr\u00fcfen, wie gut gro\u00dfz\u00fcgiger Raum und flexible Nutzungsm\u00f6glichkeiten im Alltag harmonieren.<\/p>\n<p><strong>Inhaltsverzeichnis<\/strong><\/p>\n<ul>\n<li><a href=\"#1\">1. Der B\u00fcrstner Lyseo Skyline Edition auf einen Blick <\/a><\/li>\n<li><a href=\"#2\">2. Die Raumaufteilung<\/a><\/li>\n<li><a href=\"#3\">3. Komfort im Innenraum <\/a><\/li>\n<li><a href=\"#4\">4. Das Fahrzeug<\/a><\/li>\n<li><a href=\"#5\">5. Das Fazit <\/a><\/li>\n<\/ul>\n<p><strong>Zusammengefasst<\/strong><br \/>\n<strong>Dass Maja und Felix erfahrene Camper sind, zeigt sich in ihrem Fazit. Nach neun Monaten im eigenen Kastenwagen und 30 bereisten L\u00e4ndern wissen sie genau, worauf es unterwegs ankommt. Besonders begeistert sie das gro\u00dfz\u00fcgige Platzangebot im B\u00fcrstner Lyseo Time SkyLine EDITION T 690 G, ebenso wie die hochwertige Inneneinrichtung und das stimmige Lichtdesign. Ein Kritikpunkt bleibt der schwer erreichbare Wasserhahn im Schwenkbad. Nach einigen Flohmarkt- und Secondhand-Funden stellt sich am Ende nur eine Frage: Wie bekommen sie all die sch\u00f6nen Eink\u00e4ufe wieder in ihren eigenen Kastenwagen? Im B\u00fcrstner jedenfalls war daf\u00fcr reichlich Platz.<\/strong><\/p>\n<h2 id=\"1\">1. Der B\u00fcrstner Lyseo Time SkyLine EDITION T 690 G auf einen Blick<\/h2>\n<p>Maja und Felix bringen bereits viel Campingerfahrung mit und sind bisher mit ihrem sechs Meter langen Citro\u00ebn Jumper Kastenwagen durch Europa gereist. F\u00fcr die <a href=\"https:\/\/www.eurocampings.de\/blog\/camplife-testtour-2025\/\">CampLife TestTour<\/a> m\u00f6chten sie nun herausfinden, wie es ist, mit einem gr\u00f6\u00dferen Camper durch <a href=\"https:\/\/www.eurocampings.de\/danemark\/\">D\u00e4nemark<\/a> zu fahren. Der erste Eindruck des <a href=\"https:\/\/www.buerstner.com\/de\/buerstner\" target=\"_blank\" rel=\"noopener\">B\u00fcrstner Lyseo Time SkyLine EDITION T 690 G<\/a> ist positiv: Der Camper wirkt ger\u00e4umig, ohne wuchtig zu sein.<\/p>\n<div id=\"attachment_64827\" style=\"width: 810px\" class=\"wp-caption alignnone\"><img loading=\"lazy\" decoding=\"async\" aria-describedby=\"caption-attachment-64827\" class=\"wp-image-64827 size-full\" src=\"https:\/\/www.eurocampings.de\/blog\/wp-content\/uploads\/2026\/03\/CampLife-TestTour-Camper-Aussenanasicht.jpg\" alt=\"Au\u00dfenansicht des Campers B\u00fcrstner Lyseo Time SkyLine EDITION T 690 G auf einer Landstra\u00dfe mit B\u00e4umen und Feldern\" width=\"800\" height=\"600\" srcset=\"https:\/\/www.eurocampings.de\/blog\/wp-content\/uploads\/2026\/03\/CampLife-TestTour-Camper-Aussenanasicht.jpg 800w, https:\/\/www.eurocampings.de\/blog\/wp-content\/uploads\/2026\/03\/CampLife-TestTour-Camper-Aussenanasicht-300x225.jpg 300w, https:\/\/www.eurocampings.de\/blog\/wp-content\/uploads\/2026\/03\/CampLife-TestTour-Camper-Aussenanasicht-768x576.jpg 768w\" sizes=\"auto, (max-width: 800px) 100vw, 800px\" \/><p id=\"caption-attachment-64827\" class=\"wp-caption-text\">Wendig unterwegs mit dem B\u00fcrstner Lyseo Time SkyLine EDITION T 690 G<\/p><\/div>\n<p>Mit einem zul\u00e4ssigen Gesamtgewicht von 3,5 Tonnen bleibt er zudem flexibel einsetzbar. Praktisch ist an diesem Modell, dass ein B-F\u00fchrerschein ausreicht. Besonders gef\u00e4llt den beiden das hochwertige Ambiente im Innenraum, das durch die Ambientebeleuchtung, den integrierten Weinschrank und die harmonische Kombination aus hellem Holz, wei\u00dfen Schrankt\u00fcren und dunklen Vollledersitzen entsteht.<\/p>\n<div id=\"attachment_64823\" style=\"width: 810px\" class=\"wp-caption alignnone\"><img loading=\"lazy\" decoding=\"async\" aria-describedby=\"caption-attachment-64823\" class=\"wp-image-64823 size-full\" src=\"https:\/\/www.eurocampings.de\/blog\/wp-content\/uploads\/2026\/03\/CampLife-TestTour-Camper-Weinglas.jpg\" alt=\"Zwei Weingl\u00e4ser im Weinschrank mit hellem Holz und Glast\u00fcr\" width=\"800\" height=\"600\" srcset=\"https:\/\/www.eurocampings.de\/blog\/wp-content\/uploads\/2026\/03\/CampLife-TestTour-Camper-Weinglas.jpg 800w, https:\/\/www.eurocampings.de\/blog\/wp-content\/uploads\/2026\/03\/CampLife-TestTour-Camper-Weinglas-300x225.jpg 300w, https:\/\/www.eurocampings.de\/blog\/wp-content\/uploads\/2026\/03\/CampLife-TestTour-Camper-Weinglas-768x576.jpg 768w\" sizes=\"auto, (max-width: 800px) 100vw, 800px\" \/><p id=\"caption-attachment-64823\" class=\"wp-caption-text\">Durchdachtes Detail: der Weinschrank<\/p><\/div>\n<h2 id=\"2\">2. Die Raumaufteilung<\/h2>\n<p>Der B\u00fcrstner Lyseo Time SkyLine EDITION T 690 G misst 6,98 Meter in der L\u00e4nge und ist 2,32 Meter breit. Der Teilintegrierte kombiniert einen gro\u00dfz\u00fcgigen Sitzbereich mit raffinierten Details sowie einen Schlafbereich mit zwei Einzelbetten, die sich mithilfe einer Betterweiterung zu einem Doppelbett verbinden lassen. Zudem verf\u00fcgt der Camper \u00fcber ein Schwenkbad und eine gro\u00dfe Heckgarage.<\/p>\n<p><strong>Der Schlafbereich<\/strong><br \/>\nIm B\u00fcrstner Lyseo Time SkyLine EDITION T 690 G bewerten Maja und Felix sowohl die Matratzen als auch den Einstieg ins Bett als sehr bequem.<\/p>\n<div id=\"attachment_64856\" style=\"width: 810px\" class=\"wp-caption alignnone\"><img loading=\"lazy\" decoding=\"async\" aria-describedby=\"caption-attachment-64856\" class=\"wp-image-64856 size-full\" src=\"https:\/\/www.eurocampings.de\/blog\/wp-content\/uploads\/2026\/03\/CampLife-TestTour-Camper-Bett.jpg\" alt=\"Maja macht das Bett im Camper. Dieser bietet viel Abstellfl\u00e4che\" width=\"800\" height=\"600\" srcset=\"https:\/\/www.eurocampings.de\/blog\/wp-content\/uploads\/2026\/03\/CampLife-TestTour-Camper-Bett.jpg 800w, https:\/\/www.eurocampings.de\/blog\/wp-content\/uploads\/2026\/03\/CampLife-TestTour-Camper-Bett-300x225.jpg 300w, https:\/\/www.eurocampings.de\/blog\/wp-content\/uploads\/2026\/03\/CampLife-TestTour-Camper-Bett-768x576.jpg 768w\" sizes=\"auto, (max-width: 800px) 100vw, 800px\" \/><p id=\"caption-attachment-64856\" class=\"wp-caption-text\">Der Schlafbereich bietet neben Doppelbett auch viel Ablagefl\u00e4che<\/p><\/div>\n<p>Mit der Betterweiterung \u2013 einem Schubelement, das zwischen die beiden Einzelbetten eingesetzt wird \u2013 lassen sich die Betten zu einem gro\u00dfen Doppelbett verbinden. Ein kleiner Kritikpunkt ist jedoch, dass die Erweiterung etwas dicker als die restliche Matratze ist. Dadurch entsteht eine kleine Stufe und die Liegefl\u00e4che ist nicht ganz eben.<\/p>\n<div id=\"attachment_64811\" style=\"width: 810px\" class=\"wp-caption alignnone\"><img loading=\"lazy\" decoding=\"async\" aria-describedby=\"caption-attachment-64811\" class=\"wp-image-64811 size-full\" src=\"https:\/\/www.eurocampings.de\/blog\/wp-content\/uploads\/2026\/03\/CampLife-TestTour-Camper-Matratze.jpg\" alt=\"H\u00f6henunterschied zwischen Matratze und Schubelement. \" width=\"800\" height=\"600\" srcset=\"https:\/\/www.eurocampings.de\/blog\/wp-content\/uploads\/2026\/03\/CampLife-TestTour-Camper-Matratze.jpg 800w, https:\/\/www.eurocampings.de\/blog\/wp-content\/uploads\/2026\/03\/CampLife-TestTour-Camper-Matratze-300x225.jpg 300w, https:\/\/www.eurocampings.de\/blog\/wp-content\/uploads\/2026\/03\/CampLife-TestTour-Camper-Matratze-768x576.jpg 768w\" sizes=\"auto, (max-width: 800px) 100vw, 800px\" \/><p id=\"caption-attachment-64811\" class=\"wp-caption-text\">Durch das Schubelement werden aus Einzelbetten Doppelbetten, dabei entsteht jedoch ein kleiner H\u00f6henunterschied.<\/p><\/div>\n<p>Zudem wird der Einstieg ins Bett mit eingesetzter Betterweiterung etwas h\u00f6her, da eine Leiter fehlt. Die Gr\u00f6\u00dfe des Bettes ist f\u00fcr die beiden jedoch absolut ausreichend \u2013 sie k\u00f6nnen problemlos in jede Richtung liegen und ist f\u00fcr Maja und Felix auch als Querbett nutzbar.<\/p>\n<p><strong>Der Toilettenbereich<\/strong><br \/>\nDas Schwenkbad gef\u00e4llt Maja und Felix insgesamt gut. Es bietet angenehm viel Platz, einen gro\u00dfen Spiegel im Bad und an der T\u00fcr sowie eine Dachhaube statt eines L\u00fcftungspilzes, alles klare Pluspunkte im B\u00fcrstner. Auch der gro\u00dfz\u00fcgige Stauraum f\u00fcr Badutensilien und ein gro\u00dfer, praktischer Handtuchhalter \u00fcberzeugen. Zus\u00e4tzlich sammelt der externe Wasseranschluss beim Team Aktiv weitere Pluspunkte.<br \/>\nAllerdings befindet sich im Badezimmer auch der gr\u00f6\u00dfte Kritikpunkt des Fahrzeugs. Zwar l\u00e4sst sich die Wasserst\u00e4rke des Duschkopfs regulieren, nach dem Schwenken zum Duschen kann die Temperatur jedoch nicht mehr angepasst werden. Verbesserungsbedarf sehen die beiden au\u00dferdem bei den Badeschr\u00e4nken: H\u00f6here Kanten oder ein Gummizug als Fallschutz w\u00e4ren sinnvoll, da die aktuellen Fallschutzkanten ihrer Meinung nach etwas zu niedrig sind.<\/p>\n<div id=\"attachment_64807\" style=\"width: 810px\" class=\"wp-caption alignnone\"><img loading=\"lazy\" decoding=\"async\" aria-describedby=\"caption-attachment-64807\" class=\"wp-image-64807 size-full\" src=\"https:\/\/www.eurocampings.de\/blog\/wp-content\/uploads\/2026\/03\/CampLife-TestTour-Camper-Badezimmer.jpg\" alt=\"Badezimmer mit gro\u00dfem Spiegel, Waschbecken und Lampen.\" width=\"800\" height=\"600\" srcset=\"https:\/\/www.eurocampings.de\/blog\/wp-content\/uploads\/2026\/03\/CampLife-TestTour-Camper-Badezimmer.jpg 800w, https:\/\/www.eurocampings.de\/blog\/wp-content\/uploads\/2026\/03\/CampLife-TestTour-Camper-Badezimmer-300x225.jpg 300w, https:\/\/www.eurocampings.de\/blog\/wp-content\/uploads\/2026\/03\/CampLife-TestTour-Camper-Badezimmer-768x576.jpg 768w\" sizes=\"auto, (max-width: 800px) 100vw, 800px\" \/><p id=\"caption-attachment-64807\" class=\"wp-caption-text\">Im Badezimmer gibt es viel Platz<\/p><\/div>\n<p><strong>Der K\u00fcchenbereich<\/strong><br \/>\nBeim B\u00fcrstner Lyseo Time SkyLine EDITION T 690 G kocht man auf einem Dreiflammenkocher.<\/p>\n<div id=\"attachment_64815\" style=\"width: 810px\" class=\"wp-caption alignnone\"><img loading=\"lazy\" decoding=\"async\" aria-describedby=\"caption-attachment-64815\" class=\"wp-image-64815 size-full\" src=\"https:\/\/www.eurocampings.de\/blog\/wp-content\/uploads\/2026\/03\/CampLife-TestTour-Camper-Kochplatte.jpg\" alt=\"Der Dreiflammenkocher mit grauer Espressmschiene\" width=\"800\" height=\"600\" srcset=\"https:\/\/www.eurocampings.de\/blog\/wp-content\/uploads\/2026\/03\/CampLife-TestTour-Camper-Kochplatte.jpg 800w, https:\/\/www.eurocampings.de\/blog\/wp-content\/uploads\/2026\/03\/CampLife-TestTour-Camper-Kochplatte-300x225.jpg 300w, https:\/\/www.eurocampings.de\/blog\/wp-content\/uploads\/2026\/03\/CampLife-TestTour-Camper-Kochplatte-768x576.jpg 768w\" sizes=\"auto, (max-width: 800px) 100vw, 800px\" \/><p id=\"caption-attachment-64815\" class=\"wp-caption-text\">Der Dreiflammenkocher bietet genug Platz f\u00fcr Campingrezepte<\/p><\/div>\n<p>Hier haben Maja und Felix gen\u00fcgend Platz f\u00fcr zwei mittelgro\u00dfe T\u00f6pfe und eine kleine Pfanne \u2013 toll f\u00fcr ausgefallene Campingrezepte! Im Camper finden die beiden au\u00dferdem ausreichend Platz zum Geschirrsp\u00fclen. Gut gef\u00e4llt ihnen auch die Bel\u00fcftungsm\u00f6glichkeit, da sowohl ein Seitenfenster als auch ein Dachfenster im K\u00fcchenbereich verbaut sind.<br \/>\nZus\u00e4tzliche Ablage- oder Schneidefl\u00e4che w\u00e4re f\u00fcr die beiden jedoch w\u00fcnschenswert, da diese im Vergleich zum sonst gro\u00dfz\u00fcgigen Raum- und Platzangebot etwas knapp bemessen ist. Punkten kann im K\u00fcchenbereich hingegen der praktische Spritzschutz aus Glas hinter dem Kochfeld sowie das Weinregal und der gro\u00dfe und beinah ger\u00e4uschlose K\u00fchlschrank.<\/p>\n<div id=\"attachment_64819\" style=\"width: 810px\" class=\"wp-caption alignnone\"><img loading=\"lazy\" decoding=\"async\" aria-describedby=\"caption-attachment-64819\" class=\"wp-image-64819 size-full\" src=\"https:\/\/www.eurocampings.de\/blog\/wp-content\/uploads\/2026\/03\/CampLife-TestTour-Camper-Kuhlschrank.jpg\" alt=\"Felix schaut in den gro\u00dfen, gut gef\u00fcllten K\u00fchlschrank\" width=\"800\" height=\"600\" srcset=\"https:\/\/www.eurocampings.de\/blog\/wp-content\/uploads\/2026\/03\/CampLife-TestTour-Camper-Kuhlschrank.jpg 800w, https:\/\/www.eurocampings.de\/blog\/wp-content\/uploads\/2026\/03\/CampLife-TestTour-Camper-Kuhlschrank-300x225.jpg 300w, https:\/\/www.eurocampings.de\/blog\/wp-content\/uploads\/2026\/03\/CampLife-TestTour-Camper-Kuhlschrank-768x576.jpg 768w\" sizes=\"auto, (max-width: 800px) 100vw, 800px\" \/><p id=\"caption-attachment-64819\" class=\"wp-caption-text\">Im K\u00fchlschrank findet alles seinen Platz!<\/p><\/div>\n<p><strong>Der Wohnbereich<\/strong><br \/>\nDer Wohnbereich bietet eine Sitzgruppe, die nicht als Bett umbaubar ist. Mit drei Personen kann man komfortabel Platz finden, mit vier Personen ist es etwas enger. Der Sitzbereich l\u00e4sst sich einfach umbauen, dass vier Personen mit Gurt fahren k\u00f6nnen. Gut gef\u00e4llt, dass der Tisch einfach und in verschiedenen Positionen verstellbar ist. Negativ ist der etwas knappe Sitz f\u00fcr eine vierte Person plus die f\u00fcr Kratzer empfindliche Tischoberfl\u00e4che. Etwas mehr Tageslicht im Wohnraum w\u00e4re w\u00fcnschenswert, aber ist dennoch sehr angenehm.<\/p>\n<div id=\"attachment_64831\" style=\"width: 810px\" class=\"wp-caption alignnone\"><img loading=\"lazy\" decoding=\"async\" aria-describedby=\"caption-attachment-64831\" class=\"wp-image-64831 size-full\" src=\"https:\/\/www.eurocampings.de\/blog\/wp-content\/uploads\/2026\/03\/CampLife-TestTour-Camper-Innenansicht.jpg\" alt=\"Blick vom Sitzbereich, wo Maja und Felix ein Spiel spielen in den Schlafbereich\" width=\"800\" height=\"600\" srcset=\"https:\/\/www.eurocampings.de\/blog\/wp-content\/uploads\/2026\/03\/CampLife-TestTour-Camper-Innenansicht.jpg 800w, https:\/\/www.eurocampings.de\/blog\/wp-content\/uploads\/2026\/03\/CampLife-TestTour-Camper-Innenansicht-300x225.jpg 300w, https:\/\/www.eurocampings.de\/blog\/wp-content\/uploads\/2026\/03\/CampLife-TestTour-Camper-Innenansicht-768x576.jpg 768w\" sizes=\"auto, (max-width: 800px) 100vw, 800px\" \/><p id=\"caption-attachment-64831\" class=\"wp-caption-text\">Der Wohnbereich bietet gen\u00fcgend Platz f\u00fcr Spieleabende!<\/p><\/div>\n<h2 id=\"3\">3. Komfort im Innenraum<\/h2>\n<p><strong>Stauraum<\/strong><br \/>\nDer B\u00fcrstner bietet im gesamten Fahrzeug viel Stauraum. Besonders gut gefallen Maja und Felix die Wohnraum-Oberschr\u00e4nke, die sinnvoll unterteilt sind und \u00fcber einen Fallschutz verf\u00fcgen: so sind auch alle Spiele und kleinere Gegenst\u00e4nde sicher verstaut. Unter der Sitzbank befindet sich zwar ebenfalls viel Stauraum, dieser ist jedoch nur schwer erreichbar, da zuvor die Sitzpolster entfernt werden m\u00fcssen.<br \/>\nDie Kleiderschr\u00e4nke im Schlafbereich unter anderem unter den Betten bieten reichlich Platz, k\u00f6nnen ohne zus\u00e4tzliche Kleiderhaken jedoch schnell etwas un\u00fcbersichtlich werden.<\/p>\n<div id=\"attachment_64835\" style=\"width: 810px\" class=\"wp-caption alignnone\"><img loading=\"lazy\" decoding=\"async\" aria-describedby=\"caption-attachment-64835\" class=\"wp-image-64835 size-full\" src=\"https:\/\/www.eurocampings.de\/blog\/wp-content\/uploads\/2026\/03\/CampLife-TestTour-Camper-Stauraum.jpg\" alt=\"Maja holt ein Kleidungsst\u00fcck aus dem Fach oberhalb des Bettes.\" width=\"800\" height=\"600\" srcset=\"https:\/\/www.eurocampings.de\/blog\/wp-content\/uploads\/2026\/03\/CampLife-TestTour-Camper-Stauraum.jpg 800w, https:\/\/www.eurocampings.de\/blog\/wp-content\/uploads\/2026\/03\/CampLife-TestTour-Camper-Stauraum-300x225.jpg 300w, https:\/\/www.eurocampings.de\/blog\/wp-content\/uploads\/2026\/03\/CampLife-TestTour-Camper-Stauraum-768x576.jpg 768w\" sizes=\"auto, (max-width: 800px) 100vw, 800px\" \/><p id=\"caption-attachment-64835\" class=\"wp-caption-text\">Im Schlafbereich gibt es nicht nur \u00fcber sondern auch unter dem Bett gen\u00fcgend Stauraumm\u00f6glichkeiten.<\/p><\/div>\n<p>Auch im Badezimmer steht dem Team Aktiv gen\u00fcgend Stauraum zur Verf\u00fcgung, zudem gef\u00e4llt ihnen die praktische Handtuchhalterung. In der K\u00fcche gibt es ausreichend Stauraum, allerdings w\u00fcrden zus\u00e4tzliche Ablage- oder Schneidefl\u00e4chen das Gesamtbild noch verbessern.<\/p>\n<div id=\"attachment_64839\" style=\"width: 810px\" class=\"wp-caption alignnone\"><img loading=\"lazy\" decoding=\"async\" aria-describedby=\"caption-attachment-64839\" class=\"wp-image-64839 size-full\" src=\"https:\/\/www.eurocampings.de\/blog\/wp-content\/uploads\/2026\/03\/CampLife-TestTour-Camper-Garage.jpg\" alt=\"Felix r\u00e4umt Campingst\u00fchle in die Heckgarage des Campers.\" width=\"800\" height=\"600\" srcset=\"https:\/\/www.eurocampings.de\/blog\/wp-content\/uploads\/2026\/03\/CampLife-TestTour-Camper-Garage.jpg 800w, https:\/\/www.eurocampings.de\/blog\/wp-content\/uploads\/2026\/03\/CampLife-TestTour-Camper-Garage-300x225.jpg 300w, https:\/\/www.eurocampings.de\/blog\/wp-content\/uploads\/2026\/03\/CampLife-TestTour-Camper-Garage-768x576.jpg 768w\" sizes=\"auto, (max-width: 800px) 100vw, 800px\" \/><p id=\"caption-attachment-64839\" class=\"wp-caption-text\">In der gro\u00dfen Heckgarage gibt es viel Stauraum.<\/p><\/div>\n<p>Ein echtes Highlight ist die gro\u00dfe, beleuchtete Heckgarage mit zus\u00e4tzlichen Stauf\u00e4chern. Hier finden selbst Fahrr\u00e4der und einige Eink\u00e4ufe aus Secondhandl\u00e4den problemlos Platz. Einziges Problem f\u00fcr Team Aktiv: \u201eWie bekommen wir das alles sp\u00e4ter wieder in unserem eigenen Kastenwagen unter?\u201c F\u00fcr ein noch einfacheres Beladen w\u00e4re allerdings eine zweite Garagent\u00fcr praktisch.<\/p>\n<p><strong>Beleuchtung<\/strong><br \/>\nDas Beleuchtungssystem im B\u00fcrstner \u00fcberzeugt Maja und Felix auf ganzer Linie. Besonders gut gef\u00e4llt ihnen die indirekte Beleuchtung, die in verschiedene Zonen unterteilt ist und f\u00fcr eine angenehme Atmosph\u00e4re sorgt.<\/p>\n<div id=\"attachment_64843\" style=\"width: 810px\" class=\"wp-caption alignnone\"><img loading=\"lazy\" decoding=\"async\" aria-describedby=\"caption-attachment-64843\" class=\"wp-image-64843 size-full\" src=\"https:\/\/www.eurocampings.de\/blog\/wp-content\/uploads\/2026\/03\/CampLife-TestTour-Camper-Licht.jpg\" alt=\"Detailaufnahme des Sitzes mit Beleuchtung\" width=\"800\" height=\"600\" srcset=\"https:\/\/www.eurocampings.de\/blog\/wp-content\/uploads\/2026\/03\/CampLife-TestTour-Camper-Licht.jpg 800w, https:\/\/www.eurocampings.de\/blog\/wp-content\/uploads\/2026\/03\/CampLife-TestTour-Camper-Licht-300x225.jpg 300w, https:\/\/www.eurocampings.de\/blog\/wp-content\/uploads\/2026\/03\/CampLife-TestTour-Camper-Licht-768x576.jpg 768w\" sizes=\"auto, (max-width: 800px) 100vw, 800px\" \/><p id=\"caption-attachment-64843\" class=\"wp-caption-text\">Stimmige Beleuchtung im B\u00fcrstner<\/p><\/div>\n<p>Erg\u00e4nzt wird sie durch mehrere kleinere Lichtquellen im gesamten Camper. Auch der Kleiderschrank und die Heckgarage sind beleuchtet, was im Alltag sehr praktisch ist.<br \/>\nAls m\u00f6glichen Verbesserungswunsch nennen die beiden eine Dimmbarkeit der Beleuchtung, da sie bei Dunkelheit teilweise etwas hell wirkt. Die Anzeige f\u00fcr Batterie sowie Frisch- und Abwasserf\u00fcllstand punktet zudem mit einem modernen Design. F\u00fcr Menschen, die gerne komplett dunkel schlafen, k\u00f6nnte sie jedoch etwas st\u00f6rend sein, ansonsten dient sie sogar als praktisches Nachtlicht.<\/p>\n<p><strong>Fenster<\/strong><br \/>\nDie Fenster lassen sich angenehm leicht bedienen und sind mit Verdunkelung sowie Insektenschutz ausgestattet. Beim Verstellen kann es allerdings passieren, dass die Verdunkelung in die Schiene des Insektenschutzes springt oder umgekehrt. Bei den seitlichen Aufbaufenstern bleibt zudem unten ein kleiner Lichtspalt. Insgesamt k\u00f6nnte der Wohnbereich etwas mehr Tageslicht vertragen: \u00dcber der Sitzgruppe fehlt f\u00fcr Maja und Felix ein Fenster, da es nur ein kleines Dachfenster im K\u00fcchenbereich gibt. Auch ein Insektenschutz an der Aufbaut\u00fcr w\u00fcrden sich die beiden w\u00fcnschen \u2013 gerade weil man die T\u00fcr wegen des geringen Lichteinfalls im Sitzbereich \u00f6fter offen l\u00e4sst. Positiv f\u00e4llt hingegen die Frontverdunkelung auf.<\/p>\n<h2 id=\"4\">4. Das Fahrzeug<\/h2>\n<p>Der Camper \u00fcberzeugt insgesamt mit angenehmen Fahreigenschaften. Die Automatik schaltet in den meisten Situationen zuverl\u00e4ssig und sinnvoll, und mit 140 PS ist das Fahrzeug ausreichend motorisiert \u2013 auch wenn in bergigen Regionen etwas mehr Leistung nicht schaden w\u00fcrde.<\/p>\n<div id=\"attachment_64847\" style=\"width: 810px\" class=\"wp-caption alignnone\"><img loading=\"lazy\" decoding=\"async\" aria-describedby=\"caption-attachment-64847\" class=\"wp-image-64847 size-full\" src=\"https:\/\/www.eurocampings.de\/blog\/wp-content\/uploads\/2026\/03\/CampLife-TestTour-Camper-Automatik.jpg\" alt=\"Automatik-Getriebe des B\u00fcrstner in Nahaufnahme\" width=\"800\" height=\"600\" srcset=\"https:\/\/www.eurocampings.de\/blog\/wp-content\/uploads\/2026\/03\/CampLife-TestTour-Camper-Automatik.jpg 800w, https:\/\/www.eurocampings.de\/blog\/wp-content\/uploads\/2026\/03\/CampLife-TestTour-Camper-Automatik-300x225.jpg 300w, https:\/\/www.eurocampings.de\/blog\/wp-content\/uploads\/2026\/03\/CampLife-TestTour-Camper-Automatik-768x576.jpg 768w\" sizes=\"auto, (max-width: 800px) 100vw, 800px\" \/><p id=\"caption-attachment-64847\" class=\"wp-caption-text\">Die Automatik des B\u00fcrstner schaltet in den meisten Situationen zuverl\u00e4ssig und sinnvoll<\/p><\/div>\n<p>Der 90-Liter-Dieseltank sorgt zudem f\u00fcr eine gute Reichweite. Positiv f\u00e4llt Maja und Felix au\u00dferdem auf, dass der M\u00f6belaufbau w\u00e4hrend der Fahrt kaum Ger\u00e4usche verursacht. Praktisch ist auch, dass sich das Radio selbst bei ausgeschalteter Z\u00fcndung nutzen l\u00e4sst.<\/p>\n<p>F\u00fcr einige Punkte haben die beiden noch Verbesserungsw\u00fcnsche: Die R\u00fcckfahrkamera ist bei Dunkelheit manchmal schwer nutzbar, da das beleuchtete B\u00fcrstner-Logo das Bild r\u00f6tlich \u00fcberstrahlt. Das Tempolimitwarnsystem (ISA) arbeitet h\u00e4ufig ungenau, piept entsprechend oft und l\u00e4sst sich nicht abschalten. Au\u00dferdem fehlt eine Anzeige der Au\u00dfentemperatur. Durch die Frontverdunkelung lassen sich zudem die Sonnenblenden nicht zur Seite drehen.<\/p>\n<div id=\"attachment_64851\" style=\"width: 810px\" class=\"wp-caption alignnone\"><img loading=\"lazy\" decoding=\"async\" aria-describedby=\"caption-attachment-64851\" class=\"wp-image-64851 size-full\" src=\"https:\/\/www.eurocampings.de\/blog\/wp-content\/uploads\/2026\/03\/CampLife-TestTour-Camper-Fahrsitz.jpg\" alt=\"Maja und Felix sitzen angeschnallt im B\u00fcrstner auf dem Campingplatz\" width=\"800\" height=\"600\" srcset=\"https:\/\/www.eurocampings.de\/blog\/wp-content\/uploads\/2026\/03\/CampLife-TestTour-Camper-Fahrsitz.jpg 800w, https:\/\/www.eurocampings.de\/blog\/wp-content\/uploads\/2026\/03\/CampLife-TestTour-Camper-Fahrsitz-300x225.jpg 300w, https:\/\/www.eurocampings.de\/blog\/wp-content\/uploads\/2026\/03\/CampLife-TestTour-Camper-Fahrsitz-768x576.jpg 768w\" sizes=\"auto, (max-width: 800px) 100vw, 800px\" \/><p id=\"caption-attachment-64851\" class=\"wp-caption-text\">Maja und Felix haben viel Fahrspa\u00df mit dem B\u00fcrstner<\/p><\/div>\n<p><strong>Ma\u00dfe:<\/strong><br \/>\nL\u00e4nge 698cm<br \/>\nBreite 232cm<br \/>\nH\u00f6he 270 cm<br \/>\nMotorisierung Leistung: Fiat Ducato, 140 PS<\/p>\n<p>Preis ab 69.999 Euro<\/p>\n<h2 id=\"5\">5. Fazit<\/h2>\n<p>Was den beiden am besten gefallen hat? Ganz klar: das Wohngef\u00fchl durch die Bewegungsfreiheit und die bessere Isolation im Vergleich zum Kastenwagen. Im B\u00fcrstner k\u00f6nnen sie problemlos im Wageninneren aneinander vorbeigehen. Gleichzeitig bleibt der Camper wendig und in den d\u00e4nischen St\u00e4dten findet man relativ leicht einen Parkplatz.<\/p>\n<div id=\"attachment_64861\" style=\"width: 810px\" class=\"wp-caption alignnone\"><img loading=\"lazy\" decoding=\"async\" aria-describedby=\"caption-attachment-64861\" class=\"wp-image-64861 size-full\" src=\"https:\/\/www.eurocampings.de\/blog\/wp-content\/uploads\/2026\/03\/CampLife-TestTour-Camper-Campingplatz.jpg\" alt=\"Felix sitzt auf einem Campingstuhl vor dem Camper, Maja steht an der T\u00fcr um aus dem B\u00fcrstner zu steigen\" width=\"800\" height=\"600\" srcset=\"https:\/\/www.eurocampings.de\/blog\/wp-content\/uploads\/2026\/03\/CampLife-TestTour-Camper-Campingplatz.jpg 800w, https:\/\/www.eurocampings.de\/blog\/wp-content\/uploads\/2026\/03\/CampLife-TestTour-Camper-Campingplatz-300x225.jpg 300w, https:\/\/www.eurocampings.de\/blog\/wp-content\/uploads\/2026\/03\/CampLife-TestTour-Camper-Campingplatz-768x576.jpg 768w\" sizes=\"auto, (max-width: 800px) 100vw, 800px\" \/><p id=\"caption-attachment-64861\" class=\"wp-caption-text\">Kombination aus Komfort und Flexibilit\u00e4t<\/p><\/div>\n<p>Gut gefallen hat den beiden auch die Gr\u00f6\u00dfe von Kochfeld und K\u00fchlschrank. Positiv fallen au\u00dferdem der viele Stauraum in den Schr\u00e4nken und in der Heckgarage auf. Wichtig ist f\u00fcr Team Aktiv auch, dass man zu viert gem\u00fctlich sitzen kann \u2013 was im B\u00fcrstner problemlos m\u00f6glich ist. Sch\u00f6n finden die beiden zudem Details wie das Weinregal sowie die gro\u00dfz\u00fcgige Dusche.<\/p>\n<p>Weniger \u00fcberzeugt haben sie hingegen die Temperaturregelung im Schwenkbad und die Position des Abflusses in der Dusche. Auch eine Dimmbarkeit des Ambientelichts w\u00fcrden sie sich w\u00fcnschen. Insgesamt gef\u00e4llt den beiden der Camper, bietet er doch sehr viel mehr Bewegungsraum und Platz im Vergleich zu ihrem eigenen Kastenwagen.<\/p>\n<p>Sieh dir auch den Campertest im Video an:<\/p>\n<p><iframe loading=\"lazy\" title=\"YouTube video player\" src=\"https:\/\/www.youtube.com\/embed\/8J-SW3JIcDg?si=Y-DJaawchzLtf48S\" width=\"560\" height=\"315\" frameborder=\"0\" allowfullscreen=\"allowfullscreen\"><\/iframe><\/p>\n<p>M\u00f6chtest du mehr \u00fcber die CampLife TestTour und die Testteams erfahren? In <a href=\"https:\/\/www.eurocampings.de\/blog\/camplife-testtour-2025\/\">der \u00dcbersicht<\/a> findest du alle Artikel zur CampLife TestTour entlang der s\u00fcdlichen Ostseek\u00fcste J\u00fctlands. Auf dem YouTube-Kanal von ACSI gibt es au\u00dferdem <a href=\"https:\/\/www.youtube.com\/@ACSIDeutschland\" target=\"_blank\" rel=\"noopener\">alle Videos<\/a> zu den Aktivit\u00e4ten, Teams und Campingfahrzeugen.<\/p>\n","protected":false},"excerpt":{"rendered":"<p>Nach neun Monaten im eigenen Kastenwagen, 30 bereisten L\u00e4ndern und zahlreichen Campingerlebnissen wissen Maja und Felix genau, worauf es bei einem Camper ankommt. W\u00e4hrend der CampLife TestTour nehmen sie den B\u00fcrstner Lyseo Skyline Edition genauer unter die Lupe und pr\u00fcfen, wie gut gro\u00dfz\u00fcgiger Raum und flexible Nutzungsm\u00f6glichkeiten im Alltag harmonieren. Inhaltsverzeichnis 1. Der B\u00fcrstner Lyseo [&hellip;]<\/p>\n","protected":false},"author":130,"featured_media":64803,"comment_status":"open","ping_status":"closed","template":"","meta":{"_acf_changed":false,"footnotes":""},"listing_type":[9809],"class_list":["post-64800","listing","type-listing","status-publish","has-post-thumbnail","hentry","listing_type-testtour","listing_location-danemark-de"],"acf":[],"_links":{"self":[{"href":"https:\/\/www.eurocampings.de\/blog\/wp-json\/wp\/v2\/listing\/64800","targetHints":{"allow":["GET"]}}],"collection":[{"href":"https:\/\/www.eurocampings.de\/blog\/wp-json\/wp\/v2\/listing"}],"about":[{"href":"https:\/\/www.eurocampings.de\/blog\/wp-json\/wp\/v2\/types\/listing"}],"author":[{"embeddable":true,"href":"https:\/\/www.eurocampings.de\/blog\/wp-json\/wp\/v2\/users\/130"}],"replies":[{"embeddable":true,"href":"https:\/\/www.eurocampings.de\/blog\/wp-json\/wp\/v2\/comments?post=64800"}],"version-history":[{"count":10,"href":"https:\/\/www.eurocampings.de\/blog\/wp-json\/wp\/v2\/listing\/64800\/revisions"}],"predecessor-version":[{"id":65388,"href":"https:\/\/www.eurocampings.de\/blog\/wp-json\/wp\/v2\/listing\/64800\/revisions\/65388"}],"wp:featuredmedia":[{"embeddable":true,"href":"https:\/\/www.eurocampings.de\/blog\/wp-json\/wp\/v2\/media\/64803"}],"wp:attachment":[{"href":"https:\/\/www.eurocampings.de\/blog\/wp-json\/wp\/v2\/media?parent=64800"}],"wp:term":[{"taxonomy":"listing_type","embeddable":true,"href":"https:\/\/www.eurocampings.de\/blog\/wp-json\/wp\/v2\/listing_type?post=64800"}],"curies":[{"name":"wp","href":"https:\/\/api.w.org\/{rel}","templated":true}]}}