{"id":63680,"date":"2026-01-15T08:16:24","date_gmt":"2026-01-15T07:16:24","guid":{"rendered":"https:\/\/www.eurocampings.nl\/blog\/?post_type=listing&#038;p=63680"},"modified":"2026-01-15T08:59:05","modified_gmt":"2026-01-15T07:59:05","slug":"vanlife-in-daenemark","status":"publish","type":"listing","link":"https:\/\/www.eurocampings.de\/blog\/listing\/vanlife-in-daenemark\/","title":{"rendered":"Vanlife in D\u00e4nemark"},"content":{"rendered":"<p>Vier Testteams reisen mit der <a href=\"https:\/\/www.eurocampings.de\/blog\/camplife-testtour-2025\/\" target=\"_blank\" rel=\"noopener\">CampLife TestTour<\/a> entlang der s\u00fcdlichen Ostseek\u00fcste D\u00e4nemarks. Team Vanlife, das sind Ricarda und Lars, sind mit dem Etrusco CV 600 SB unterwegs. F\u00fcr die beiden ist es der erste Campingtrip mit Van.<\/p>\n<h2>Inhaltsverzeichnis<\/h2>\n<ul>\n<li><a href=\"#1\">1. Ricarda und Lars: Abwechslungsreiche Rocker <\/a><\/li>\n<li><a href=\"#2\">2. Ricarda und Lars: Die Ankunft <\/a><\/li>\n<li><a href=\"#3\">3. Ricarda und Lars: Das erste Fazit<\/a><\/li>\n<\/ul>\n<h2>Zusammengefasst<\/h2>\n<p><strong>W\u00e4hrend der CampLife TestTour schnuppern Ricarda und Lars zum ersten Mal echte Vanlife-Luft. Bislang waren die beiden vielseitig im Urlaub unterwegs, jedoch noch nie mit einem eigenen Van. Erste Campingerfahrungen haben sie bereits mit dem Wohnmobil von Ricardas Verwandten gesammelt. Jetzt hei\u00dft es: testen, wie es ihnen gef\u00e4llt, flexibel, aber auf engem Raum durch D\u00e4nemark zu reisen.<\/strong><\/p>\n<h2 id=\"1\">1. Ricarda und Lars: Abwechslungsreiche Rocker<\/h2>\n<p>Ricarda und Lars reisen gern und m\u00f6gen Abwechslung. Ob mit dem Wohnmobil von Verwandten, bei Wochenendtrips mit Freundinnen, auf Kreuzfahrt oder im Wanderurlaub, der Urlaub der beiden ist sehr abwechslungsreich. Ganz neu auf ihrer Liste steht die CampLife TestTour mit dem <a href=\"https:\/\/www.etrusco.com\/de\/de\/etrusco\/presse\/artikel-2025\/cv-600-sb\" target=\"_blank\" rel=\"noopener\">Etrusco CV 600 SB<\/a>. Dabei sch\u00e4tzen sie vor allem die Flexibilit\u00e4t unterwegs, denn Urlaub ist f\u00fcr sie die perfekte Auszeit vom gesch\u00e4ftigen Alltag.<\/p>\n<div id=\"attachment_63685\" style=\"width: 810px\" class=\"wp-caption alignnone\"><img loading=\"lazy\" decoding=\"async\" aria-describedby=\"caption-attachment-63685\" class=\"wp-image-63685 size-full\" src=\"https:\/\/www.eurocampings.de\/blog\/wp-content\/uploads\/2026\/01\/CampLife-TestTour-Team-Vanlife-Close-up.jpg\" alt=\"Ricarda und Lars vor ihrem Van, dem Etrusco CV 600 SB.\" width=\"800\" height=\"600\" srcset=\"https:\/\/www.eurocampings.de\/blog\/wp-content\/uploads\/2026\/01\/CampLife-TestTour-Team-Vanlife-Close-up.jpg 800w, https:\/\/www.eurocampings.de\/blog\/wp-content\/uploads\/2026\/01\/CampLife-TestTour-Team-Vanlife-Close-up-300x225.jpg 300w, https:\/\/www.eurocampings.de\/blog\/wp-content\/uploads\/2026\/01\/CampLife-TestTour-Team-Vanlife-Close-up-768x576.jpg 768w\" sizes=\"auto, (max-width: 800px) 100vw, 800px\" \/><p id=\"caption-attachment-63685\" class=\"wp-caption-text\">Ricarda und Lars sind in D\u00e4nemark zum ersten Mal mit einem Van unterwegs.<\/p><\/div>\n<p>Lars liebt Action. Ausfl\u00fcge in Freizeitparks mit seinem Sohn, Rockkonzerte oder Fu\u00dfballspiele stehen bei ihm hoch im Kurs. Ricarda genie\u00dft dagegen eher ruhige, entspannte Momente, l\u00e4sst sich aber ebenso gern von Lars\u2019 Tatendrang mitrei\u00dfen.<\/p>\n<h2 id=\"2\">2. Ricarda und Lars: Die Ankunft<\/h2>\n<div id=\"attachment_63693\" style=\"width: 810px\" class=\"wp-caption alignnone\"><img loading=\"lazy\" decoding=\"async\" aria-describedby=\"caption-attachment-63693\" class=\"wp-image-63693 size-full\" src=\"https:\/\/www.eurocampings.de\/blog\/wp-content\/uploads\/2026\/01\/CampLife-TestTour-Fahren.jpg\" alt=\"Ricarda und Lars im Etrusco CV 600 Sb\" width=\"800\" height=\"600\" srcset=\"https:\/\/www.eurocampings.de\/blog\/wp-content\/uploads\/2026\/01\/CampLife-TestTour-Fahren.jpg 800w, https:\/\/www.eurocampings.de\/blog\/wp-content\/uploads\/2026\/01\/CampLife-TestTour-Fahren-300x225.jpg 300w, https:\/\/www.eurocampings.de\/blog\/wp-content\/uploads\/2026\/01\/CampLife-TestTour-Fahren-768x576.jpg 768w\" sizes=\"auto, (max-width: 800px) 100vw, 800px\" \/><p id=\"caption-attachment-63693\" class=\"wp-caption-text\">Ricarda und Lars freuen sich auf die Zeit in D\u00e4nemark!<\/p><\/div>\n<p>Bei der Ankunft in <a href=\"https:\/\/www.visitsonderjylland.de\/\" target=\"_blank\" rel=\"noopener\">S\u00f8nderjylland<\/a> sind die beiden sofort begeistert. \u201eIch h\u00e4tte nicht gedacht, dass es hier soo sch\u00f6n ist!\u201c, stellt Ricarda lachend aus ihrem Campingfahrzeug fest, das f\u00fcr die n\u00e4chsten zw\u00f6lf Tage ihr Zuhause sein wird. Mit dem Van erkunden Ricarda und Lars auch die schmalen Str\u00e4\u00dfchen entlang der Genner Bucht und die weite d\u00e4nische Landschaft. Selbst auf teils unbefestigten Wegen man\u00f6vriert Lars den Etrusco souver\u00e4n und wendet entspannt direkt am Ufer.<\/p>\n<h2 id=\"3\">3. Ricarda und Lars: Das erste Fazit<\/h2>\n<div id=\"attachment_63689\" style=\"width: 810px\" class=\"wp-caption alignnone\"><img loading=\"lazy\" decoding=\"async\" aria-describedby=\"caption-attachment-63689\" class=\"wp-image-63689 size-full\" style=\"font-size: 16px;\" src=\"https:\/\/www.eurocampings.de\/blog\/wp-content\/uploads\/2026\/01\/CampLife-TestTour-Team-Vanlife-Van.jpg\" alt=\"Lars sitzt unter dem Vorzelt des Vans und Ricarda steht auf der Stufe vom Etrusco CV 600 SB\" width=\"800\" height=\"600\" srcset=\"https:\/\/www.eurocampings.de\/blog\/wp-content\/uploads\/2026\/01\/CampLife-TestTour-Team-Vanlife-Van.jpg 800w, https:\/\/www.eurocampings.de\/blog\/wp-content\/uploads\/2026\/01\/CampLife-TestTour-Team-Vanlife-Van-300x225.jpg 300w, https:\/\/www.eurocampings.de\/blog\/wp-content\/uploads\/2026\/01\/CampLife-TestTour-Team-Vanlife-Van-768x576.jpg 768w\" sizes=\"auto, (max-width: 800px) 100vw, 800px\" \/><p id=\"caption-attachment-63689\" class=\"wp-caption-text\">Einmal Vanlife-Luft schnuppern f\u00fcr Ricarda und Lars<\/p><\/div>\n<p>Lars\u2019 erstes Urteil \u00fcber den Van: \u201eMan kann sportlich unterwegs sein.\u201c Auf der Fahrt nach <a href=\"https:\/\/www.eurocampings.de\/danemark\/\">D\u00e4nemark<\/a> waren die beiden auch etwas z\u00fcgiger unterwegs und erlebten den <a href=\"https:\/\/www.etrusco.com\/de\/de\" target=\"_blank\" rel=\"noopener\">Etrusco<\/a> trotzdem als luxuri\u00f6s und komfortabel. Besonders das Fahrverhalten gef\u00e4llt Lars sehr gut. Ricarda wiederum sch\u00e4tzt, dass der Etrusco CV 600 SB so viele F\u00e4cher bietet und damit ausreichend Stauraum f\u00fcr die beiden vorhanden ist.<\/p>\n<p>Die ersten Eindr\u00fccke von Ricarda und Lars erh\u00e4ltst du auch in diesem Video:<br \/>\n<iframe loading=\"lazy\" title=\"YouTube video player\" src=\"https:\/\/www.youtube.com\/embed\/gkzPS0Wbyz4?si=PrnjYgup-pjKMeN6\" width=\"560\" height=\"315\" frameborder=\"0\" allowfullscreen=\"allowfullscreen\"><\/iframe><\/p>\n<p>M\u00f6chtest du mehr \u00fcber die CampLife TestTour und die Testteams erfahren? In <a href=\"https:\/\/www.eurocampings.de\/blog\/camplife-testtour-2025\/\">der \u00dcbersicht<\/a> findest du alle Artikel zur CampLife TestTour entlang der s\u00fcdlichen Ostseek\u00fcste J\u00fctlands. Auf dem YouTube-Kanal von ACSI gibt es au\u00dferdem <a href=\"https:\/\/www.youtube.com\/@ACSIDeutschland\" target=\"_blank\" rel=\"noopener\">alle Videos<\/a> zu den Aktivit\u00e4ten, Teams und Campingfahrzeugen.<\/p>\n","protected":false},"excerpt":{"rendered":"<p>W\u00e4hrend der CampLife TestTour schnuppern Ricarda und Lars zum ersten Mal echte Vanlife-Luft. Bislang waren die beiden vielseitig im Urlaub unterwegs, jedoch noch nie mit einem eigenen Van. Erste Campingerfahrungen haben sie bereits mit dem Wohnmobil von Ricardas Verwandten gesammelt. Jetzt hei\u00dft es: testen, wie es ihnen gef\u00e4llt, flexibel, aber auf engem Raum durch D\u00e4nemark zu reisen.<\/p>\n","protected":false},"author":130,"featured_media":63681,"comment_status":"open","ping_status":"closed","template":"","meta":{"_acf_changed":false,"footnotes":""},"listing_type":[9809],"class_list":["post-63680","listing","type-listing","status-publish","has-post-thumbnail","hentry","listing_type-testtour","listing_location-danemark-de"],"acf":[],"_links":{"self":[{"href":"https:\/\/www.eurocampings.de\/blog\/wp-json\/wp\/v2\/listing\/63680","targetHints":{"allow":["GET"]}}],"collection":[{"href":"https:\/\/www.eurocampings.de\/blog\/wp-json\/wp\/v2\/listing"}],"about":[{"href":"https:\/\/www.eurocampings.de\/blog\/wp-json\/wp\/v2\/types\/listing"}],"author":[{"embeddable":true,"href":"https:\/\/www.eurocampings.de\/blog\/wp-json\/wp\/v2\/users\/130"}],"replies":[{"embeddable":true,"href":"https:\/\/www.eurocampings.de\/blog\/wp-json\/wp\/v2\/comments?post=63680"}],"version-history":[{"count":21,"href":"https:\/\/www.eurocampings.de\/blog\/wp-json\/wp\/v2\/listing\/63680\/revisions"}],"predecessor-version":[{"id":63903,"href":"https:\/\/www.eurocampings.de\/blog\/wp-json\/wp\/v2\/listing\/63680\/revisions\/63903"}],"wp:featuredmedia":[{"embeddable":true,"href":"https:\/\/www.eurocampings.de\/blog\/wp-json\/wp\/v2\/media\/63681"}],"wp:attachment":[{"href":"https:\/\/www.eurocampings.de\/blog\/wp-json\/wp\/v2\/media?parent=63680"}],"wp:term":[{"taxonomy":"listing_type","embeddable":true,"href":"https:\/\/www.eurocampings.de\/blog\/wp-json\/wp\/v2\/listing_type?post=63680"}],"curies":[{"name":"wp","href":"https:\/\/api.w.org\/{rel}","templated":true}]}}