{"id":63401,"date":"2026-01-02T09:10:08","date_gmt":"2026-01-02T08:10:08","guid":{"rendered":"https:\/\/www.eurocampings.nl\/blog\/?post_type=listing&#038;p=63401"},"modified":"2026-01-13T13:14:44","modified_gmt":"2026-01-13T12:14:44","slug":"kleiner-wohnwagen-im-test","status":"publish","type":"listing","link":"https:\/\/www.eurocampings.de\/blog\/listing\/kleiner-wohnwagen-im-test\/","title":{"rendered":"Klein, aber oho: Der LMC Style 400 F im Test des Beginner-Teams"},"content":{"rendered":"<p>Herta und Frank reisen zw\u00f6lf Tage w\u00e4hrend der CampLife TestTour mit dem LMC Style 400 F entlang der s\u00fcdlichen Ostseek\u00fcste <a href=\"https:\/\/www.eurocampings.de\/danemark\/\">D\u00e4nemarks<\/a>. Die Neu-Camper waren zum ersten Mal mit einem Wohnwagen unterwegs. Zuvor reisten die beiden mit ihrem Jeep off-road durch Europa.<\/p>\n<h2>Inhaltsverzeichnis<\/h2>\n<ul>\n<li><a href=\"#1\">1. Der erste Eindruck<\/a><\/li>\n<li><a href=\"#2\">2. Der Grundriss<\/a><\/li>\n<li><a href=\"#3\">3. Das Schlafkonzept<\/a><\/li>\n<li><a href=\"#4\">4. Die Bugk\u00fcche <\/a><\/li>\n<li><a href=\"#5\">5. Der Wohnbereich<\/a><\/li>\n<li><a href=\"#6\">6. Das Bad<\/a><\/li>\n<li><a href=\"#7\">7. Ausstattung und Design<\/a><\/li>\n<\/ul>\n<h2>Zusammengefasst<\/h2>\n<p><strong>Herta und Frank sind nach vielen Urlauben mit dem Jeep nun auf der Suche nach einer etwas komfortableren und ger\u00e4umigeren Alternative. Urspr\u00fcnglich hatte das Paar eher nach einem Campervan Ausschau gehalten, doch nach den zwei Wochen Testen mit der CampLife TestTour ist f\u00fcr die beiden ein kleiner, kompakter Wohnwagen eine tolle Option f\u00fcr einen komfortablen Campingurlaub.<\/strong><\/p>\n<h2 id=\"2\">1. Der erste Eindruck<\/h2>\n<p>Auf den ersten Blick gefallen Herta und Frank der kompakte Aufbau und die sch\u00f6ne Farbgebung im Inneren. Auch das Aufstelldach, das als Sonderausstattung erworben werden kann, springt den beiden sofort ins Auge. F\u00fcr die beiden ist der \u201eWeg das Ziel\u201c, deswegen legen sie bei einem Campingfahrzeug besonderen Wert darauf, dass dieses funktional und schnell abfahrbereit ist.<\/p>\n<div id=\"attachment_63517\" style=\"width: 810px\" class=\"wp-caption alignnone\"><img loading=\"lazy\" decoding=\"async\" aria-describedby=\"caption-attachment-63517\" class=\"wp-image-63517 size-full\" src=\"https:\/\/www.eurocampings.de\/blog\/wp-content\/uploads\/2025\/12\/LMC-Aussenansicht.jpg\" alt=\"Herta und Frank beim Aufbau der Markiese\" width=\"800\" height=\"600\" srcset=\"https:\/\/www.eurocampings.de\/blog\/wp-content\/uploads\/2025\/12\/LMC-Aussenansicht.jpg 800w, https:\/\/www.eurocampings.de\/blog\/wp-content\/uploads\/2025\/12\/LMC-Aussenansicht-300x225.jpg 300w, https:\/\/www.eurocampings.de\/blog\/wp-content\/uploads\/2025\/12\/LMC-Aussenansicht-768x576.jpg 768w\" sizes=\"auto, (max-width: 800px) 100vw, 800px\" \/><p id=\"caption-attachment-63517\" class=\"wp-caption-text\">Klein, aber oho: der LMC Style 400 F<\/p><\/div>\n<h2 id=\"2\">2. Der Grundriss<\/h2>\n<p>Der <a href=\"https:\/\/www.lmc-caravan.com\/de\/de\/wohnwagen\/style\" target=\"_blank\" rel=\"noopener\">LMC Style 400 F<\/a> richtet sich an Alleinreisende und Paare und \u00fcberzeugt trotz seiner kompakten Ma\u00dfe von 5,83 Metern L\u00e4nge und 2,32 Metern Breite mit einem durchdachten Raumgef\u00fchl.<\/p>\n<div id=\"attachment_63505\" style=\"width: 810px\" class=\"wp-caption alignnone\"><img loading=\"lazy\" decoding=\"async\" aria-describedby=\"caption-attachment-63505\" class=\"wp-image-63505 size-full\" src=\"https:\/\/www.eurocampings.de\/blog\/wp-content\/uploads\/2025\/12\/LMC-Klappbett.jpg\" alt=\"Herta baut das Klappbett auf\" width=\"800\" height=\"600\" srcset=\"https:\/\/www.eurocampings.de\/blog\/wp-content\/uploads\/2025\/12\/LMC-Klappbett.jpg 800w, https:\/\/www.eurocampings.de\/blog\/wp-content\/uploads\/2025\/12\/LMC-Klappbett-300x225.jpg 300w, https:\/\/www.eurocampings.de\/blog\/wp-content\/uploads\/2025\/12\/LMC-Klappbett-768x576.jpg 768w\" sizes=\"auto, (max-width: 800px) 100vw, 800px\" \/><p id=\"caption-attachment-63505\" class=\"wp-caption-text\">Mit ein paar Handgriffen aufgebaut: das praktische Klappbett im LMC Style 400 F<\/p><\/div>\n<p>Das Klappbett l\u00e4sst sich schnell auf- und abbauen und ist tags\u00fcber platzsparend verstaut, sodass es nicht sichtbar ist. Mit einer Liegefl\u00e4che von 1,5 mal 1,9 Metern bietet es ausreichend Komfort f\u00fcr die Nacht.<\/p>\n<h2 id=\"3\">3. Das Schlafkonzept<\/h2>\n<p>Herta und Frank schlafen jedoch am liebsten im Bett des Aufstelldachs. An diesem sch\u00e4tzen sie besonders den unkomplizierten Aufbau, die gute Isolierung sowie die sch\u00f6nen Ausblicke, die sich durch die Fenster bieten.<\/p>\n<div id=\"attachment_63428\" style=\"width: 810px\" class=\"wp-caption alignnone\"><img loading=\"lazy\" decoding=\"async\" aria-describedby=\"caption-attachment-63428\" class=\"wp-image-63428 size-full\" src=\"https:\/\/www.eurocampings.de\/blog\/wp-content\/uploads\/2025\/12\/LMC-Dachzelt.jpg\" alt=\"Blick von der Leiter in das Aufstelldachbett mit Fenster\" width=\"800\" height=\"600\" srcset=\"https:\/\/www.eurocampings.de\/blog\/wp-content\/uploads\/2025\/12\/LMC-Dachzelt.jpg 800w, https:\/\/www.eurocampings.de\/blog\/wp-content\/uploads\/2025\/12\/LMC-Dachzelt-300x225.jpg 300w, https:\/\/www.eurocampings.de\/blog\/wp-content\/uploads\/2025\/12\/LMC-Dachzelt-768x576.jpg 768w\" sizes=\"auto, (max-width: 800px) 100vw, 800px\" \/><p id=\"caption-attachment-63428\" class=\"wp-caption-text\">Hertas und Franks Lieblingsschlafplatz im Wohnwagen<\/p><\/div>\n<p>Als kleinen Nachteil finden die beiden, dass die Luke geschlossen sein muss, um die volle Bettl\u00e4nge nutzen zu k\u00f6nnen. Das kann etwas unpraktisch sein, falls man nachts einmal f\u00fcr kleine Camper muss. Der Aufbau des Aufstelldachs ist sehr einfach und erfolgt durch das L\u00f6sen des Befestigungsriemens und das anschlie\u00dfende Hochdr\u00fccken des Dachs.<\/p>\n<div id=\"attachment_63432\" style=\"width: 810px\" class=\"wp-caption alignnone\"><img loading=\"lazy\" decoding=\"async\" aria-describedby=\"caption-attachment-63432\" class=\"wp-image-63432 size-full\" src=\"https:\/\/www.eurocampings.de\/blog\/wp-content\/uploads\/2025\/12\/LMC-Leiter.jpg\" alt=\"Frank steht auf der Leiter um das Aufstelldach aufzubauen\" width=\"800\" height=\"600\" srcset=\"https:\/\/www.eurocampings.de\/blog\/wp-content\/uploads\/2025\/12\/LMC-Leiter.jpg 800w, https:\/\/www.eurocampings.de\/blog\/wp-content\/uploads\/2025\/12\/LMC-Leiter-300x225.jpg 300w, https:\/\/www.eurocampings.de\/blog\/wp-content\/uploads\/2025\/12\/LMC-Leiter-768x576.jpg 768w\" sizes=\"auto, (max-width: 800px) 100vw, 800px\" \/><p id=\"caption-attachment-63432\" class=\"wp-caption-text\">Auch der Aufbau des Aufstelldach ist einfach<\/p><\/div>\n<h2 id=\"4\">4. Die Bugk\u00fcche<\/h2>\n<p>Die gro\u00dfz\u00fcgige Bugk\u00fcche \u00fcberzeugt mit einem gro\u00dfen Fenster, das viel Tageslicht hereinl\u00e4sst und f\u00fcr eine angenehme Atmosph\u00e4re sorgt. Gro\u00dfe Schubladen und praktische Ablagefl\u00e4chen bieten ausreichend Platz f\u00fcr Geschirr, Vorr\u00e4te und K\u00fcchenutensilien.<\/p>\n<div id=\"attachment_63501\" style=\"width: 810px\" class=\"wp-caption alignnone\"><img loading=\"lazy\" decoding=\"async\" aria-describedby=\"caption-attachment-63501\" class=\"wp-image-63501 size-full\" src=\"https:\/\/www.eurocampings.de\/blog\/wp-content\/uploads\/2025\/12\/LMC-Kuehlschrank.jpg\" alt=\"Herta \u00f6ffnet den ger\u00e4umigen K\u00fchlschrank\" width=\"800\" height=\"600\" srcset=\"https:\/\/www.eurocampings.de\/blog\/wp-content\/uploads\/2025\/12\/LMC-Kuehlschrank.jpg 800w, https:\/\/www.eurocampings.de\/blog\/wp-content\/uploads\/2025\/12\/LMC-Kuehlschrank-300x225.jpg 300w, https:\/\/www.eurocampings.de\/blog\/wp-content\/uploads\/2025\/12\/LMC-Kuehlschrank-768x576.jpg 768w\" sizes=\"auto, (max-width: 800px) 100vw, 800px\" \/><p id=\"caption-attachment-63501\" class=\"wp-caption-text\">Viel Platz im ger\u00e4umigen K\u00fchlschrank<\/p><\/div>\n<p>Der gro\u00dfe K\u00fchlschrank fasst insgesamt 141 Liter und bietet auch auf l\u00e4ngeren Reisen gen\u00fcgend Raum f\u00fcr Lebensmittel. Diese Ger\u00e4umigkeit kommt bei Herta und Frank besonders gut an.<\/p>\n<div id=\"attachment_63436\" style=\"width: 810px\" class=\"wp-caption alignnone\"><img loading=\"lazy\" decoding=\"async\" aria-describedby=\"caption-attachment-63436\" class=\"wp-image-63436 size-full\" src=\"https:\/\/www.eurocampings.de\/blog\/wp-content\/uploads\/2025\/12\/LMC-Kaffee.jpg\" alt=\"Espressokocher auf einer der drei Kochplatten im Wohnwagen\" width=\"800\" height=\"600\" srcset=\"https:\/\/www.eurocampings.de\/blog\/wp-content\/uploads\/2025\/12\/LMC-Kaffee.jpg 800w, https:\/\/www.eurocampings.de\/blog\/wp-content\/uploads\/2025\/12\/LMC-Kaffee-300x225.jpg 300w, https:\/\/www.eurocampings.de\/blog\/wp-content\/uploads\/2025\/12\/LMC-Kaffee-768x576.jpg 768w\" sizes=\"auto, (max-width: 800px) 100vw, 800px\" \/><p id=\"caption-attachment-63436\" class=\"wp-caption-text\">3 Kochplatten reichen f\u00fcr Herta und Frank vollkommen aus<\/p><\/div>\n<p>Auch der 3-Flammkocher ist f\u00fcr das Beginner-Team ausreichend dimensioniert. So ist es beispielsweise m\u00f6glich, Kaffee, hei\u00dfe Milch und ein Spiegelei problemlos parallel zuzubereiten. Besonders praktisch empfinden Herta und Frank die Arbeitsfl\u00e4che neben der Sp\u00fcle, die sich im Alltag als sehr gut nutzbar erweist. Die clevere Anordnung der K\u00fcche erm\u00f6glicht zus\u00e4tzlich ein weiteres Fach, in dem sich Vieles unterbringen l\u00e4sst. Eine zus\u00e4tzliche Steckdose und weitere Haken w\u00fcrden den K\u00fcchenbereich noch praktischer machen.<\/p>\n<div id=\"attachment_63440\" style=\"width: 810px\" class=\"wp-caption alignnone\"><img loading=\"lazy\" decoding=\"async\" aria-describedby=\"caption-attachment-63440\" class=\"wp-image-63440 size-full\" src=\"https:\/\/www.eurocampings.de\/blog\/wp-content\/uploads\/2025\/12\/LMC-Kueche.jpg\" alt=\"Blick aus dem Bug in die K\u00fcche, wo Herta einen Apfel schneidet\" width=\"800\" height=\"600\" srcset=\"https:\/\/www.eurocampings.de\/blog\/wp-content\/uploads\/2025\/12\/LMC-Kueche.jpg 800w, https:\/\/www.eurocampings.de\/blog\/wp-content\/uploads\/2025\/12\/LMC-Kueche-300x225.jpg 300w, https:\/\/www.eurocampings.de\/blog\/wp-content\/uploads\/2025\/12\/LMC-Kueche-768x576.jpg 768w\" sizes=\"auto, (max-width: 800px) 100vw, 800px\" \/><p id=\"caption-attachment-63440\" class=\"wp-caption-text\">Ein gro\u00dfes Fenster im Bug des kleinen Wohnwagens bietet Ausblicke w\u00e4hrend des Kochens<\/p><\/div>\n<h2 id=\"5\">5. Der Wohnbereich<\/h2>\n<p>Der Wohnraum im <a href=\"https:\/\/www.lmc-caravan.com\/de\/de\" target=\"_blank\" rel=\"noopener\">LMC<\/a> Style 400 F hat eine passende Gr\u00f6\u00dfe und bietet Herta und Frank ausreichend Platz. Trotz der kompakten Leichtbauweise entsteht ein angenehmes Raumgef\u00fchl, und beide k\u00f6nnen sich gut im Wohnwagen bewegen, ohne sich gegenseitig im Weg zu stehen.<\/p>\n<div id=\"attachment_63472\" style=\"width: 810px\" class=\"wp-caption alignnone\"><img loading=\"lazy\" decoding=\"async\" aria-describedby=\"caption-attachment-63472\" class=\"wp-image-63472 size-full\" src=\"https:\/\/www.eurocampings.de\/blog\/wp-content\/uploads\/2025\/12\/LMC-Wohnraum.jpg\" alt=\"Herta und Frank sitzen am Esstisch und bl\u00e4ttern in einer Zeistchrift\" width=\"800\" height=\"600\" srcset=\"https:\/\/www.eurocampings.de\/blog\/wp-content\/uploads\/2025\/12\/LMC-Wohnraum.jpg 800w, https:\/\/www.eurocampings.de\/blog\/wp-content\/uploads\/2025\/12\/LMC-Wohnraum-300x225.jpg 300w, https:\/\/www.eurocampings.de\/blog\/wp-content\/uploads\/2025\/12\/LMC-Wohnraum-768x576.jpg 768w\" sizes=\"auto, (max-width: 800px) 100vw, 800px\" \/><p id=\"caption-attachment-63472\" class=\"wp-caption-text\">Eine gem\u00fctliche Sitzecke, die leicht zum Bett umfunktioniert werden kann<\/p><\/div>\n<p>Die Sitzgruppe ist gro\u00dfz\u00fcgig gestaltet und f\u00e4llt f\u00fcr zwei Personen beinahe etwas gro\u00df aus. Mit nur wenigen Handgriffen l\u00e4sst sich der Tisch ins Bett umfunktionieren. Beim Stauraum im Wohnbereich \u00fcberzeugt der Innenraum mit einem gro\u00dfen Kleiderschrank, sehr ger\u00e4umigen Schubladen im Sideboard und einer gro\u00dfen Ablagefl\u00e4che. Mehrere H\u00e4ngeschr\u00e4nke \u00fcber der Sitzgruppe sowie praktische Stofftaschen sorgen zus\u00e4tzlich f\u00fcr Ordnung und Staum\u00f6glichkeiten.<\/p>\n<div id=\"attachment_63497\" style=\"width: 810px\" class=\"wp-caption alignnone\"><img loading=\"lazy\" decoding=\"async\" aria-describedby=\"caption-attachment-63497\" class=\"wp-image-63497 size-full\" src=\"https:\/\/www.eurocampings.de\/blog\/wp-content\/uploads\/2025\/12\/LMC-Stauraum.jpg\" alt=\"Herta verstaut etwas in einem der vielen H\u00e4ngeschr\u00e4nke\" width=\"800\" height=\"600\" srcset=\"https:\/\/www.eurocampings.de\/blog\/wp-content\/uploads\/2025\/12\/LMC-Stauraum.jpg 800w, https:\/\/www.eurocampings.de\/blog\/wp-content\/uploads\/2025\/12\/LMC-Stauraum-300x225.jpg 300w, https:\/\/www.eurocampings.de\/blog\/wp-content\/uploads\/2025\/12\/LMC-Stauraum-768x576.jpg 768w\" sizes=\"auto, (max-width: 800px) 100vw, 800px\" \/><p id=\"caption-attachment-63497\" class=\"wp-caption-text\">Kleine Gr\u00f6\u00dfe, viel Stauraum<\/p><\/div>\n<h2 id=\"6\">6. Das Bad<\/h2>\n<p>Auch das Bad \u00fcberzeugt mit durchdachtem Stauraum und ausreichend Abstellm\u00f6glichkeiten. Waschbecken und Toilette sind ausreichend gro\u00df. Dass keine separate Dusche vorhanden ist, empfinden Herta und Frank nicht als echten Nachteil. Ein Manko im Bad ist f\u00fcr Herta und Frank, dass die beiden den Raum bei geschlossener T\u00fcr etwas eng empfinden.<\/p>\n<div id=\"attachment_63489\" style=\"width: 810px\" class=\"wp-caption alignnone\"><img loading=\"lazy\" decoding=\"async\" aria-describedby=\"caption-attachment-63489\" class=\"wp-image-63489 size-full\" src=\"https:\/\/www.eurocampings.de\/blog\/wp-content\/uploads\/2025\/12\/LMC-Bad.jpg\" alt=\"Im Bad gibt es ebenfalls zahlreiche Stauraumm\u00f6glichkeiten\" width=\"800\" height=\"600\" srcset=\"https:\/\/www.eurocampings.de\/blog\/wp-content\/uploads\/2025\/12\/LMC-Bad.jpg 800w, https:\/\/www.eurocampings.de\/blog\/wp-content\/uploads\/2025\/12\/LMC-Bad-300x225.jpg 300w, https:\/\/www.eurocampings.de\/blog\/wp-content\/uploads\/2025\/12\/LMC-Bad-768x576.jpg 768w\" sizes=\"auto, (max-width: 800px) 100vw, 800px\" \/><p id=\"caption-attachment-63489\" class=\"wp-caption-text\">Im Bad gibt es ebenfalls zahlreiche Stauraumm\u00f6glichkeiten.<\/p><\/div>\n<h2 id=\"7\">7. Ausstattung und Design<\/h2>\n<p>Die Stromversorgung finden Herta und Frank im gesamten Fahrzeug sehr gut gel\u00f6st. Zahlreiche Steckdosen sowie mehrere USB-Anschl\u00fcsse stehen an den richtigen Stellen zur Verf\u00fcgung.<\/p>\n<div id=\"attachment_63493\" style=\"width: 810px\" class=\"wp-caption alignnone\"><img loading=\"lazy\" decoding=\"async\" aria-describedby=\"caption-attachment-63493\" class=\"wp-image-63493 size-full\" src=\"https:\/\/www.eurocampings.de\/blog\/wp-content\/uploads\/2025\/12\/LMC-Steckdose.jpg\" alt=\"Der LMC Style 400 F verf\u00fcgt \u00fcber zahlreiche Steckdosen\" width=\"800\" height=\"600\" srcset=\"https:\/\/www.eurocampings.de\/blog\/wp-content\/uploads\/2025\/12\/LMC-Steckdose.jpg 800w, https:\/\/www.eurocampings.de\/blog\/wp-content\/uploads\/2025\/12\/LMC-Steckdose-300x225.jpg 300w, https:\/\/www.eurocampings.de\/blog\/wp-content\/uploads\/2025\/12\/LMC-Steckdose-768x576.jpg 768w\" sizes=\"auto, (max-width: 800px) 100vw, 800px\" \/><p id=\"caption-attachment-63493\" class=\"wp-caption-text\">Das Laden von Ger\u00e4ten ist im LMC Style 400 F dank zahlreicher Steckdosen kein Problem.<\/p><\/div>\n<p>Die Beleuchtung kombiniert helles Arbeitslicht mit stimmungsvoller Atmosph\u00e4re. Eine kr\u00e4ftige Deckenleuchte sorgt f\u00fcr gute Sicht, w\u00e4hrend Lichtleisten \u00fcber der Sitzgruppe Gem\u00fctlichkeit schaffen. Besonders in der K\u00fcche \u00fcberzeugt das sehr helle Licht \u00fcber der Arbeitsfl\u00e4che. Die Farbgestaltung in Salbeigr\u00fcn und hellem Holz wirkt modern, ruhig und sticht den beiden sofort positiv ins Auge.<\/p>\n<p><strong>Technische Daten<\/strong><\/p>\n<p>Der LMC Style 400 F ist ab 15.490 \u20ac erh\u00e4ltlich. Das Aufstelldach, das bei Herta und Frank so gut ankommt, ist eine Sonderausstattung, die zus\u00e4tzlich erworben werden kann.<\/p>\n<p><strong>Gesamtl\u00e4nge<\/strong>: 5.833mm<br \/>\n<strong>Gesamtbreit<\/strong>e: 2.326mm<br \/>\n<strong>Gesamth\u00f6he<\/strong>: 2.605mm<\/p>\n<p>Das Fazit von Herta und Frank \u00fcber den Caravan von LMC, erf\u00e4hrst du auch in diesem Video:<\/p>\n<p><iframe loading=\"lazy\" title=\"YouTube video player\" src=\"https:\/\/www.youtube.com\/embed\/tZdqrYP3kgY?si=BmAJz-tGh6dq7ZHX\" width=\"560\" height=\"315\" frameborder=\"0\" allowfullscreen=\"allowfullscreen\"><\/iframe><\/p>\n<p>M\u00f6chtest du mehr \u00fcber die CampLife TestTour und die Testteams erfahren? In <a href=\"https:\/\/www.eurocampings.de\/blog\/camplife-testtour-2025\/\">der \u00dcbersicht<\/a> findest du alle Artikel zur CampLife TestTour entlang der s\u00fcdlichen Ostseek\u00fcste J\u00fctlands. Auf dem YouTube-Kanal von ACSI gibt es au\u00dferdem <a href=\"https:\/\/www.youtube.com\/@ACSIDeutschland\" target=\"_blank\" rel=\"noopener\">alle Videos<\/a> zu den Aktivit\u00e4ten, Teams und Campingfahrzeugen.<\/p>\n","protected":false},"excerpt":{"rendered":"<p>Herta und Frank sind nach vielen Urlauben mit dem Jeep nun auf der Suche nach einer etwas komfortableren und ger\u00e4umigeren Alternative. Urspr\u00fcnglich hatte das Paar eher mit einem Campervan Ausschau gehalten, doch nach den zwei Wochen Testen mit der CampLife TestTour ist f\u00fcr die beiden ein kleiner, kompakter Wohnwagen eine tolle Option f\u00fcr einen komfortablen Campingurlaub.<\/p>\n","protected":false},"author":130,"featured_media":63522,"comment_status":"open","ping_status":"closed","template":"","meta":{"_acf_changed":false,"footnotes":""},"listing_type":[9809],"class_list":["post-63401","listing","type-listing","status-publish","has-post-thumbnail","hentry","listing_type-testtour","listing_location-danemark-de"],"acf":[],"_links":{"self":[{"href":"https:\/\/www.eurocampings.de\/blog\/wp-json\/wp\/v2\/listing\/63401","targetHints":{"allow":["GET"]}}],"collection":[{"href":"https:\/\/www.eurocampings.de\/blog\/wp-json\/wp\/v2\/listing"}],"about":[{"href":"https:\/\/www.eurocampings.de\/blog\/wp-json\/wp\/v2\/types\/listing"}],"author":[{"embeddable":true,"href":"https:\/\/www.eurocampings.de\/blog\/wp-json\/wp\/v2\/users\/130"}],"replies":[{"embeddable":true,"href":"https:\/\/www.eurocampings.de\/blog\/wp-json\/wp\/v2\/comments?post=63401"}],"version-history":[{"count":22,"href":"https:\/\/www.eurocampings.de\/blog\/wp-json\/wp\/v2\/listing\/63401\/revisions"}],"predecessor-version":[{"id":63896,"href":"https:\/\/www.eurocampings.de\/blog\/wp-json\/wp\/v2\/listing\/63401\/revisions\/63896"}],"wp:featuredmedia":[{"embeddable":true,"href":"https:\/\/www.eurocampings.de\/blog\/wp-json\/wp\/v2\/media\/63522"}],"wp:attachment":[{"href":"https:\/\/www.eurocampings.de\/blog\/wp-json\/wp\/v2\/media?parent=63401"}],"wp:term":[{"taxonomy":"listing_type","embeddable":true,"href":"https:\/\/www.eurocampings.de\/blog\/wp-json\/wp\/v2\/listing_type?post=63401"}],"curies":[{"name":"wp","href":"https:\/\/api.w.org\/{rel}","templated":true}]}}