{"id":62629,"date":"2025-12-04T08:05:42","date_gmt":"2025-12-04T07:05:42","guid":{"rendered":"https:\/\/www.eurocampings.nl\/blog\/?post_type=listing&#038;p=62629"},"modified":"2025-12-05T09:53:22","modified_gmt":"2025-12-05T08:53:22","slug":"familien-wohnwagen-im-test","status":"publish","type":"listing","link":"https:\/\/www.eurocampings.de\/blog\/listing\/familien-wohnwagen-im-test\/","title":{"rendered":"Familien-Wohnwagen von Dethleffs im Test!"},"content":{"rendered":"<p>Die Rienhoffs waren w\u00e4hrend der zw\u00f6lft\u00e4gigen CampLife TestTour mit dem Dethleffs Camper 530 FSK unterwegs. W\u00e4hrend dieser Reise testeten die vier den Familiencaravan auf Herz und Nieren. Auf den ersten Eindruck gef\u00e4llt den Vieren das sch\u00f6ne Design, der Grundriss und das au\u00dfenliegende Waschbecken mit vielen Ablagem\u00f6glichkeiten.<\/p>\n<h2>Inhaltsverzeichnis<\/h2>\n<ul>\n<li><a href=\"#1\"> Der erste Eindruck<\/a><\/li>\n<li><a href=\"#2\"> Die Ausstattung<\/a><\/li>\n<li><a href=\"#3\"> Die Technik<\/a><\/li>\n<li><a href=\"#4\"> Das Vorzelt<\/a><\/li>\n<li><a href=\"#5\"> Das Fazit<\/a><\/li>\n<\/ul>\n<h2>Zusammengefasst<\/h2>\n<p><strong>&#8222;Einfach ein guter, ger\u00e4umiger Familienwohnwagen!&#8220; (Petra). Zw\u00f6lf Tage haben die Rienhoffs ihren Familienwohnwagen von Dethleffs getestet. Neben dem Design und der Ausstattung gef\u00e4llt der Familie die praktische Anordnung der Kinderbetten sowie das ausgelagerte Waschbecken. Kleineres Manko ist der zu geringe Stauraum f\u00fcr Kleidung.<\/strong><\/p>\n<h2 id=\"1\">Der erste Eindruck<\/h2>\n<p>Hereinspaziert in den ger\u00e4umigen <a href=\"https:\/\/www.dethleffs.de\/wohnwagen\/camper\/530-fsk\" target=\"_blank\" rel=\"noopener\">Dethleffs Camper 530 FSK<\/a> f\u00fcr die Rienhoffs! Dank der breiten Aufbaut\u00fcr, die dem Testteam positiv auff\u00e4llt, treten die vier komfortabel ein in ihr rollendes Zuhause auf Zeit.<\/p>\n<div id=\"attachment_62680\" style=\"width: 810px\" class=\"wp-caption alignnone\"><img loading=\"lazy\" decoding=\"async\" aria-describedby=\"caption-attachment-62680\" class=\"wp-image-62680 size-full\" src=\"https:\/\/www.eurocampings.de\/blog\/wp-content\/uploads\/2025\/11\/Familiencaravan-Grundriss.png\" alt=\"Blick in den Familienwohnwagen: Sitzgruppe, K\u00fcchenzeile und Elternbett\" width=\"800\" height=\"600\" srcset=\"https:\/\/www.eurocampings.de\/blog\/wp-content\/uploads\/2025\/11\/Familiencaravan-Grundriss.png 800w, https:\/\/www.eurocampings.de\/blog\/wp-content\/uploads\/2025\/11\/Familiencaravan-Grundriss-300x225.png 300w, https:\/\/www.eurocampings.de\/blog\/wp-content\/uploads\/2025\/11\/Familiencaravan-Grundriss-768x576.png 768w\" sizes=\"auto, (max-width: 800px) 100vw, 800px\" \/><p id=\"caption-attachment-62680\" class=\"wp-caption-text\">Ger\u00e4umiger Grundriss in modernem Design<\/p><\/div>\n<p>Der 788 cm lange Familienwohnwagen bietet neben einem gro\u00dfen Elternbett im Bug noch ein Stockbett mit zwei Schlafpl\u00e4tzen im Heck des Wohnwagens sowie eine Sitzgruppe, die zur Liegefl\u00e4che umbaubar ist. Im Inneren \u00fcberzeugt der Grundriss sowie das praktische, au\u00dfenliegende Waschbecken mit vielen Ablagem\u00f6glichkeiten.<\/p>\n<div id=\"attachment_62712\" style=\"width: 810px\" class=\"wp-caption alignnone\"><img loading=\"lazy\" decoding=\"async\" aria-describedby=\"caption-attachment-62712\" class=\"wp-image-62712 size-full\" src=\"https:\/\/www.eurocampings.de\/blog\/wp-content\/uploads\/2025\/11\/Familiencarvan-Ansicht.png\" alt=\"Innenansicht des Dethelffs Wohnwagen\" width=\"800\" height=\"600\" srcset=\"https:\/\/www.eurocampings.de\/blog\/wp-content\/uploads\/2025\/11\/Familiencarvan-Ansicht.png 800w, https:\/\/www.eurocampings.de\/blog\/wp-content\/uploads\/2025\/11\/Familiencarvan-Ansicht-300x225.png 300w, https:\/\/www.eurocampings.de\/blog\/wp-content\/uploads\/2025\/11\/Familiencarvan-Ansicht-768x576.png 768w\" sizes=\"auto, (max-width: 800px) 100vw, 800px\" \/><p id=\"caption-attachment-62712\" class=\"wp-caption-text\">Den Rienhoffs gef\u00e4llt, dass das Waschbecken ausgelagert ist.<\/p><\/div>\n<p>Dem Testteam f\u00e4llt als Erstes das moderne und sch\u00f6ne Design sowohl im Inneren des Wohnwagens als auch au\u00dfen auf. Besonders die <strong>\u201etolle Heckansicht\u201c<\/strong> gef\u00e4llt den Vieren.<\/p>\n<div id=\"attachment_62637\" style=\"width: 810px\" class=\"wp-caption alignnone\"><img loading=\"lazy\" decoding=\"async\" aria-describedby=\"caption-attachment-62637\" class=\"wp-image-62637 size-full\" src=\"https:\/\/www.eurocampings.de\/blog\/wp-content\/uploads\/2025\/11\/Familiencaravan-erster-Eindruck.png\" alt=\"Der Dethleffs Camper 530 FSK im Test des Testteams Familie\" width=\"800\" height=\"600\" srcset=\"https:\/\/www.eurocampings.de\/blog\/wp-content\/uploads\/2025\/11\/Familiencaravan-erster-Eindruck.png 800w, https:\/\/www.eurocampings.de\/blog\/wp-content\/uploads\/2025\/11\/Familiencaravan-erster-Eindruck-300x225.png 300w, https:\/\/www.eurocampings.de\/blog\/wp-content\/uploads\/2025\/11\/Familiencaravan-erster-Eindruck-768x576.png 768w\" sizes=\"auto, (max-width: 800px) 100vw, 800px\" \/><p id=\"caption-attachment-62637\" class=\"wp-caption-text\">Der Dethleffs Camper 530 FSK im Test des Testteams Familie<\/p><\/div>\n<h2 id=\"2\">Die Ausstattung<\/h2>\n<p>Die 7-Zonen-Kaltschaummatratzen laden zum Schlummern ein. Dementsprechend gut war der Schlafkomfort: &#8222;Ich habe gut geschlafen, die Dicke der Matratzen ist super!&#8220; stellt Jens fest. Einzig, dass die Matratze des Elternbettes 20 cm am Fu\u00dfende \u00fcber steht und man deshalb in der Luft sitzt beim Anziehen, ist etwas, was Jens und Petra negativ auff\u00e4llt im Bezug auf den Schlafbereich.<\/p>\n<div id=\"attachment_62705\" style=\"width: 810px\" class=\"wp-caption alignnone\"><img loading=\"lazy\" decoding=\"async\" aria-describedby=\"caption-attachment-62705\" class=\"wp-image-62705 size-full\" src=\"https:\/\/www.eurocampings.de\/blog\/wp-content\/uploads\/2025\/11\/Familiencaravan-Bett.png\" alt=\"Jens macht das Bett im Familienwohnwagen\" width=\"800\" height=\"600\" srcset=\"https:\/\/www.eurocampings.de\/blog\/wp-content\/uploads\/2025\/11\/Familiencaravan-Bett.png 800w, https:\/\/www.eurocampings.de\/blog\/wp-content\/uploads\/2025\/11\/Familiencaravan-Bett-300x225.png 300w, https:\/\/www.eurocampings.de\/blog\/wp-content\/uploads\/2025\/11\/Familiencaravan-Bett-768x576.png 768w\" sizes=\"auto, (max-width: 800px) 100vw, 800px\" \/><p id=\"caption-attachment-62705\" class=\"wp-caption-text\">Hoher Schlafkomfort dank der 7-Zonen-Kaltschaummatratzen<\/p><\/div>\n<p>Auf zwei Kochplatten k\u00f6nnen die Rienhoffs kochen, und die 137-Liter-K\u00fchl-\/Gefrierkombination bietet viel Stauraum. Das Raumangebot in der K\u00fcche finden die Rienhoffs ausreichend. &#8222;Die K\u00fcche hat durch ihre zwei Kochfelder noch sehr viel Arbeitsfl\u00e4che. Der K\u00fchlschrank ist mit seiner Slim Tower Variante sehr sch\u00f6n gro\u00df.&#8220;<\/p>\n<div id=\"attachment_62717\" style=\"width: 810px\" class=\"wp-caption alignnone\"><img loading=\"lazy\" decoding=\"async\" aria-describedby=\"caption-attachment-62717\" class=\"wp-image-62717 size-full\" src=\"https:\/\/www.eurocampings.de\/blog\/wp-content\/uploads\/2025\/11\/Familiencaravan-Kueche.png\" alt=\"Petra \u00f6ffnet den K\u00fchlschrank im Wohnwagen\" width=\"800\" height=\"600\" srcset=\"https:\/\/www.eurocampings.de\/blog\/wp-content\/uploads\/2025\/11\/Familiencaravan-Kueche.png 800w, https:\/\/www.eurocampings.de\/blog\/wp-content\/uploads\/2025\/11\/Familiencaravan-Kueche-300x225.png 300w, https:\/\/www.eurocampings.de\/blog\/wp-content\/uploads\/2025\/11\/Familiencaravan-Kueche-768x576.png 768w\" sizes=\"auto, (max-width: 800px) 100vw, 800px\" \/><p id=\"caption-attachment-62717\" class=\"wp-caption-text\">Gen\u00fcgend Stauraum in der K\u00fcche und dem K\u00fchlschrank<\/p><\/div>\n<h2 id=\"3\">Das Vorzelt<\/h2>\n<p>F\u00fcr zus\u00e4tzlichen Komfort sorgt das Vorzelt von Dometic. So k\u00f6nnen die Vier an einem etwas regnerischen Tag oder an einem lauen Sommerabend gem\u00fctlich drau\u00dfen sitzen oder eine Partie Mensch-\u00e4rgere-dich-nicht spielen. In Windeseile ist das aufblasbare Vorzelt <a href=\"https:\/\/www.dometic.com\/de-de\/produkt\/dometic-club-air-all-season-330-s-9120001104\" target=\"_blank\" rel=\"noopener\">Dometic Club AIR All-Season 330 S<\/a> aufgebaut. Besonders praktisch ist hierbei die gro\u00dfe Stehh\u00f6he und das Dual-Pitch-Roof-System, das zus\u00e4tzliche Flexibilit\u00e4t erm\u00f6glicht.<\/p>\n<div id=\"attachment_62643\" style=\"width: 810px\" class=\"wp-caption alignnone\"><img loading=\"lazy\" decoding=\"async\" aria-describedby=\"caption-attachment-62643\" class=\"wp-image-62643 size-full\" src=\"https:\/\/www.eurocampings.de\/blog\/wp-content\/uploads\/2025\/11\/Familiencaravan-Vorzelt.png\" alt=\"Das Vorzelt von Dometic bietet den Rienhoffs noch vielen zus\u00e4tzlichen Stauraum.\" width=\"800\" height=\"600\" srcset=\"https:\/\/www.eurocampings.de\/blog\/wp-content\/uploads\/2025\/11\/Familiencaravan-Vorzelt.png 800w, https:\/\/www.eurocampings.de\/blog\/wp-content\/uploads\/2025\/11\/Familiencaravan-Vorzelt-300x225.png 300w, https:\/\/www.eurocampings.de\/blog\/wp-content\/uploads\/2025\/11\/Familiencaravan-Vorzelt-768x576.png 768w\" sizes=\"auto, (max-width: 800px) 100vw, 800px\" \/><p id=\"caption-attachment-62643\" class=\"wp-caption-text\">Das Vorzelt von Dometic bietet den Rienhoffs noch vielen zus\u00e4tzlichen Stauraum.<\/p><\/div>\n<p>Jens beschreibt die Erfahrungen der Familie: \u201eEs ist nat\u00fcrlich bei regnerischem Wetter super, aber auch als Sonnenschutz, weil man die Seitenw\u00e4nde raus nehmen kann. <strong>Mit dem Auf- und Abbauen hat das super geklappt<\/strong>: Einziehen, mit der elektrischen Pumpe aufpumpen und dann die Heringe rein.\u201c \u201eIn einer halben Stunde steht\u2019s\u201c, so sch\u00e4tzt Petra die ben\u00f6tigte Zeit f\u00fcr den Aufbau des Vorzelts ein.<\/p>\n<h2 id=\"4\">Die Technik<\/h2>\n<p>Der technikaffine Jens hatte beim Aufbau auf dem ersten Campingplatz, dem <a href=\"https:\/\/www.eurocampings.de\/danemark\/suddanemark\/haderslev\/sonderballe-strand-camping-101844\/\">S\u00f8nderballe Strand Camping<\/a>, sofort gesehen, dass der Dethleffs-Caravan die M\u00f6glichkeit einer App bietet. Mit der Dethleffs Connect App erh\u00e4lt man zum Beispiel durch das Nivellierungssystem einen \u00dcberblick \u00fcber den ebenen und waagrechten Stand auf dem Untergrund. Ein Upgrade erm\u00f6glicht das Ablesen weiterer Werte, wie des Wasserstands mithilfe des Wassertanksensors oder des Ablesen des Reifendrucks.<\/p>\n<div id=\"attachment_62685\" style=\"width: 810px\" class=\"wp-caption alignnone\"><img loading=\"lazy\" decoding=\"async\" aria-describedby=\"caption-attachment-62685\" class=\"wp-image-62685 size-full\" src=\"https:\/\/www.eurocampings.de\/blog\/wp-content\/uploads\/2025\/11\/Familiencaravan-Dethleffs-App.png\" alt=\"Anzeige des Standes vom Wohnwagen in der Dethleffs Connect App\" width=\"800\" height=\"600\" srcset=\"https:\/\/www.eurocampings.de\/blog\/wp-content\/uploads\/2025\/11\/Familiencaravan-Dethleffs-App.png 800w, https:\/\/www.eurocampings.de\/blog\/wp-content\/uploads\/2025\/11\/Familiencaravan-Dethleffs-App-300x225.png 300w, https:\/\/www.eurocampings.de\/blog\/wp-content\/uploads\/2025\/11\/Familiencaravan-Dethleffs-App-768x576.png 768w\" sizes=\"auto, (max-width: 800px) 100vw, 800px\" \/><p id=\"caption-attachment-62685\" class=\"wp-caption-text\">Bei der Dethleffs Connect App gibt es unter anderem die Nivellierungsanzeige.<\/p><\/div>\n<h2 id=\"5\">Das Fazit<\/h2>\n<p>Das Fazit des Teams Familie \u00fcber den Dethleffs Camper 530 FSK nach zw\u00f6lf Tagen und zwei Campingpl\u00e4tzen f\u00e4llt <strong>insgesamt sehr positiv<\/strong> aus. Besonders gefallen hat der \u201etolle Grundriss und die Aufteilung\u201c sowie die Tatsache, dass die Betten \u201esehr bequem und gro\u00dfz\u00fcgig gestaltet sind\u201c.<\/p>\n<div id=\"attachment_62698\" style=\"width: 810px\" class=\"wp-caption alignnone\"><img loading=\"lazy\" decoding=\"async\" aria-describedby=\"caption-attachment-62698\" class=\"wp-image-62698 size-full\" src=\"https:\/\/www.eurocampings.de\/blog\/wp-content\/uploads\/2025\/11\/Familiencaravan-Heckbett.png\" alt=\"Klappbares Kinderbett\" width=\"800\" height=\"600\" srcset=\"https:\/\/www.eurocampings.de\/blog\/wp-content\/uploads\/2025\/11\/Familiencaravan-Heckbett.png 800w, https:\/\/www.eurocampings.de\/blog\/wp-content\/uploads\/2025\/11\/Familiencaravan-Heckbett-300x225.png 300w, https:\/\/www.eurocampings.de\/blog\/wp-content\/uploads\/2025\/11\/Familiencaravan-Heckbett-768x576.png 768w\" sizes=\"auto, (max-width: 800px) 100vw, 800px\" \/><p id=\"caption-attachment-62698\" class=\"wp-caption-text\">Praktisch: das Kinderbett ist klappbar, was f\u00fcr extra Stauraum w\u00e4hrend der Fahrt sorgt.<\/p><\/div>\n<p>Praktisch finden Petra und Jens, dass die Heckgarage die M\u00f6glichkeit bietet, das Kinderbett hochzuklappen und sie deshalb w\u00e4hrend der Fahrt als Stauraum genutzt werden kann.<\/p>\n<div id=\"attachment_62734\" style=\"width: 810px\" class=\"wp-caption alignnone\"><img loading=\"lazy\" decoding=\"async\" aria-describedby=\"caption-attachment-62734\" class=\"wp-image-62734 size-full\" src=\"https:\/\/www.eurocampings.de\/blog\/wp-content\/uploads\/2025\/12\/Familiencaravan-Stauraum.png\" alt=\"Petra holt ein Puzzel aus der Schrank \u00fcber dem Esstisch\" width=\"800\" height=\"600\" srcset=\"https:\/\/www.eurocampings.de\/blog\/wp-content\/uploads\/2025\/12\/Familiencaravan-Stauraum.png 800w, https:\/\/www.eurocampings.de\/blog\/wp-content\/uploads\/2025\/12\/Familiencaravan-Stauraum-300x225.png 300w, https:\/\/www.eurocampings.de\/blog\/wp-content\/uploads\/2025\/12\/Familiencaravan-Stauraum-768x576.png 768w\" sizes=\"auto, (max-width: 800px) 100vw, 800px\" \/><p id=\"caption-attachment-62734\" class=\"wp-caption-text\">Stauraum im Dethleffs<\/p><\/div>\n<p>Weniger gut kam bei den Vieren an, dass es f\u00fcr eine vierk\u00f6pfige Familie und einen zweiw\u00f6chigen Urlaub etwas zu wenig Stauraum f\u00fcr Kleidung gibt. So gibt es zwei H\u00e4ngeschr\u00e4nke \u00fcber dem Elternbett, zwei H\u00e4ngeschr\u00e4nke \u00fcber dem Esstisch, sowei einem halbhohen Kleiderschrank \u00fcber der Heizung. Ebenfalls etwas negativ f\u00e4llt ihnen auf, dass sich der M\u00fclleimer relativ schwer leeren l\u00e4sst. Die breite Aufbaut\u00fcr mit dem kompletten Fliegengitter kommt bei den Rienhoffs jedoch sehr gut an.<\/p>\n<div id=\"attachment_62690\" style=\"width: 810px\" class=\"wp-caption alignnone\"><img loading=\"lazy\" decoding=\"async\" aria-describedby=\"caption-attachment-62690\" class=\"wp-image-62690 size-full\" src=\"https:\/\/www.eurocampings.de\/blog\/wp-content\/uploads\/2025\/11\/Familiencaravan-Fazit.png\" alt=\"Die Rienhoffs bauen die Markise des Dethleffs Wohnwagens zusammen auf.\" width=\"800\" height=\"600\" srcset=\"https:\/\/www.eurocampings.de\/blog\/wp-content\/uploads\/2025\/11\/Familiencaravan-Fazit.png 800w, https:\/\/www.eurocampings.de\/blog\/wp-content\/uploads\/2025\/11\/Familiencaravan-Fazit-300x225.png 300w, https:\/\/www.eurocampings.de\/blog\/wp-content\/uploads\/2025\/11\/Familiencaravan-Fazit-768x576.png 768w\" sizes=\"auto, (max-width: 800px) 100vw, 800px\" \/><p id=\"caption-attachment-62690\" class=\"wp-caption-text\">Der Aufbau ist bei den Rienhoffs Teamwork<\/p><\/div>\n<p>Und der Schlafkomfort? \u201eIch habe gut geschlafen, die Dicke der Matratzen ist super! Insgesamt: der Camper hat einen super Grundriss und eine sch\u00f6ne Aufteilung. Die Kinderbetten sind gro\u00df\u201c, fasst Jens zusammen. Petra erg\u00e4nzt: \u201eGenau, die Kinderbetten im Heck hinten \u2013 der L\u00e4nge nach, das ist super. Einfach ein <strong>guter, ger\u00e4umiger Familienwohnwagen<\/strong>!\u201c<\/p>\n<p>Wie den Rienhoffs der Dethleffs Caravan gefallen hat, erf\u00e4hrst du auch in diesem Video:<br \/>\n<iframe loading=\"lazy\" title=\"YouTube video player\" src=\"https:\/\/www.youtube.com\/embed\/DdcG-X7ebuM?si=-WNzg0pD_Y3VlWdT\" width=\"560\" height=\"315\" frameborder=\"0\" allowfullscreen=\"allowfullscreen\"><\/iframe><\/p>\n<p>M\u00f6chtest du mehr \u00fcber die CampLife TestTour und die Testteams erfahren? In <a href=\"https:\/\/www.eurocampings.de\/blog\/camplife-testtour-2025\/\">der \u00dcbersicht<\/a> findest du alle Artikel zur CampLife TestTour entlang der s\u00fcdlichen Ostseek\u00fcste J\u00fctlands. Auf dem YouTube-Kanal von ACSI gibt es au\u00dferdem <a href=\"https:\/\/www.youtube.com\/@ACSIDeutschland\" target=\"_blank\" rel=\"noopener\">alle Videos<\/a> zu den Aktivit\u00e4ten, Teams und Campingfahrzeugen.<\/p>\n","protected":false},"excerpt":{"rendered":"<p>Die Rienhoffs waren w\u00e4hrend der zw\u00f6lft\u00e4gigen CampLife TestTour mit dem Dethleffs Camper 530 FSK unterwegs. W\u00e4hrend dieser Reise testeten die vier den Familiencaravan auf Herz und Nieren. Auf den ersten Eindruck gef\u00e4llt den Vieren das sch\u00f6ne Design, der Grundriss und das au\u00dfenliegende Waschbecken mit vielen Ablagem\u00f6glichkeiten.<\/p>\n","protected":false},"author":130,"featured_media":62633,"comment_status":"open","ping_status":"closed","template":"","meta":{"_acf_changed":false,"footnotes":""},"listing_type":[9809],"class_list":["post-62629","listing","type-listing","status-publish","has-post-thumbnail","hentry","listing_type-testtour"],"acf":[],"_links":{"self":[{"href":"https:\/\/www.eurocampings.de\/blog\/wp-json\/wp\/v2\/listing\/62629","targetHints":{"allow":["GET"]}}],"collection":[{"href":"https:\/\/www.eurocampings.de\/blog\/wp-json\/wp\/v2\/listing"}],"about":[{"href":"https:\/\/www.eurocampings.de\/blog\/wp-json\/wp\/v2\/types\/listing"}],"author":[{"embeddable":true,"href":"https:\/\/www.eurocampings.de\/blog\/wp-json\/wp\/v2\/users\/130"}],"replies":[{"embeddable":true,"href":"https:\/\/www.eurocampings.de\/blog\/wp-json\/wp\/v2\/comments?post=62629"}],"version-history":[{"count":33,"href":"https:\/\/www.eurocampings.de\/blog\/wp-json\/wp\/v2\/listing\/62629\/revisions"}],"predecessor-version":[{"id":63025,"href":"https:\/\/www.eurocampings.de\/blog\/wp-json\/wp\/v2\/listing\/62629\/revisions\/63025"}],"wp:featuredmedia":[{"embeddable":true,"href":"https:\/\/www.eurocampings.de\/blog\/wp-json\/wp\/v2\/media\/62633"}],"wp:attachment":[{"href":"https:\/\/www.eurocampings.de\/blog\/wp-json\/wp\/v2\/media?parent=62629"}],"wp:term":[{"taxonomy":"listing_type","embeddable":true,"href":"https:\/\/www.eurocampings.de\/blog\/wp-json\/wp\/v2\/listing_type?post=62629"}],"curies":[{"name":"wp","href":"https:\/\/api.w.org\/{rel}","templated":true}]}}