{"id":52919,"date":"2024-09-09T15:10:51","date_gmt":"2024-09-09T13:10:51","guid":{"rendered":"https:\/\/www.eurocampings.nl\/blog\/?post_type=listing&#038;p=52919"},"modified":"2025-03-03T19:49:48","modified_gmt":"2025-03-03T18:49:48","slug":"4-neue-wohnmobil-modelle","status":"publish","type":"listing","link":"https:\/\/www.eurocampings.de\/blog\/listing\/4-neue-wohnmobil-modelle\/","title":{"rendered":"Diese 4 neuen Wohnmobil-Modelle stehen bereit, um im Rampenlicht zu gl\u00e4nzen"},"content":{"rendered":"<p><strong>Suchen Sie nach einem Wohnmobil oder m\u00f6chten Sie einfach wissen, was es Neues in der Welt der Wohnmobile gibt? <a href=\"https:\/\/www.acsifreelife.nl\/\" target=\"_blank\" rel=\"noopener\">ACSI FreeLife<\/a> und ACSI Eurocampings fassen die wichtigsten Wohnmobil-Neuheiten f\u00fcr 2025 zusammen, damit Sie wissen, worauf Sie auf der Messe oder beim Wohnmobilh\u00e4ndler achten sollten.<\/strong><\/p>\n<p><strong>Die Neuheiten auf einen Blick<\/strong><\/p>\n<ul>\n<li><a href=\"#skyline\">Skyline-Wohnmobile<\/a><\/li>\n<li><a href=\"#campeo\">B\u00fcrstner erweitert den Campeo um zwei teilintegrierte Wohnmobile<\/a><\/li>\n<li><a href=\"#globebus\">Dethleffs Globebus jetzt auch in der Active-Ausf\u00fchrung erh\u00e4ltlich<\/a><\/li>\n<li><a href=\"#tourer\">LMC Tourer nun ebenfalls auf Ford-Basis verf\u00fcgbar<\/a><\/li>\n<\/ul>\n<h2 id=\"skyline\">Skyline-Wohnmobile<\/h2>\n<p><a href=\"https:\/\/www.buerstner.com\/de\/de\" target=\"_blank\" rel=\"noopener\">B\u00fcrstner<\/a> stattet die teilintegrierten Lyseo Time-Modelle und den Buscamper Campeo in der kommenden Saison mit dem neuen, stilvollen Skyline-Paket aus. Dieses beinhaltet schon in der Serienausstattung viele Optionen.<\/p>\n<p>Die Lyseo Time-Modelle T690 G, T726 G und T732 werden in der Skyline-Ausf\u00fchrung mit einem Flex-Chassispaket geliefert. Dazu geh\u00f6ren unter anderem ein manuelles Schaltgetriebe mit 120 PS, Ganzjahresreifen auf Aluminiumfelgen, ein Frontspoiler in Wagenfarbe, ein Multimediasystem mit R\u00fcckfahrkamera sowie ein Lederlenkrad.<\/p>\n<div id=\"attachment_52953\" style=\"width: 810px\" class=\"wp-caption alignnone\"><img loading=\"lazy\" decoding=\"async\" aria-describedby=\"caption-attachment-52953\" class=\"wp-image-52953 size-full\" src=\"https:\/\/www.eurocampings.de\/blog\/wp-content\/uploads\/2024\/09\/buerstner-campeo-skyline-c600-mj25-lifestyle-fahrzeug-schlafdach-ManuelWollenhaupt.jpg\" alt=\"B\u00fcrstner Campeo: Vielseitiger Kastenwagen mit dem neuen Skyline-Paket,\" width=\"800\" height=\"533\" srcset=\"https:\/\/www.eurocampings.de\/blog\/wp-content\/uploads\/2024\/09\/buerstner-campeo-skyline-c600-mj25-lifestyle-fahrzeug-schlafdach-ManuelWollenhaupt.jpg 800w, https:\/\/www.eurocampings.de\/blog\/wp-content\/uploads\/2024\/09\/buerstner-campeo-skyline-c600-mj25-lifestyle-fahrzeug-schlafdach-ManuelWollenhaupt-300x200.jpg 300w, https:\/\/www.eurocampings.de\/blog\/wp-content\/uploads\/2024\/09\/buerstner-campeo-skyline-c600-mj25-lifestyle-fahrzeug-schlafdach-ManuelWollenhaupt-768x512.jpg 768w, https:\/\/www.eurocampings.de\/blog\/wp-content\/uploads\/2024\/09\/buerstner-campeo-skyline-c600-mj25-lifestyle-fahrzeug-schlafdach-ManuelWollenhaupt-140x94.jpg 140w\" sizes=\"auto, (max-width: 800px) 100vw, 800px\" \/><p id=\"caption-attachment-52953\" class=\"wp-caption-text\">B\u00fcrstner Campeo: vielseitiger Kastenwagen mit dem neuen Skyline-Paket<\/p><\/div>\n<h3>Skyline-Paket bietet zus\u00e4tzliche Ausstattung f\u00fcr B\u00fcrstner-Wohnmobile<\/h3>\n<p>Das Skyline-Paket sorgt f\u00fcr eine umfangreiche Ausstattung der Basismodelle C 540 und C 600 des Campeo-Kastenwagens. Mit diesem Paket erhalten Sie unter anderem ein Beleuchtungspaket, ein Wifi-Connect-Modul, Nebelscheinwerfer, 16-Zoll-Leichtmetallfelgen in zwei Farben und viele weitere Extras. Alle Skyline-Modelle verf\u00fcgen zudem \u00fcber spezielle, nachhaltige Polsterstoffe. So besteht das anthrazitfarbene Kunstleder Skai Evida zu mehr als 80 Prozent aus nat\u00fcrlichen und erneuerbaren Rohstoffen und wird CO2-neutral produziert. Erg\u00e4nzend zum Kunstleder verwendet B\u00fcrstner den strapazierf\u00e4higen Stoff Eco Loop, der aus recycelten PET-Flaschen hergestellt wird und sich durch Formbest\u00e4ndigkeit und einfache Reinigung auszeichnet.<\/p>\n<div style=\"text-align: center; margin: 10px 0 30px 0;\"><a href=\"http:\/\/www.campingcard.com\/de\/extra-info\/gunstig-campen\/?aff=14979\" target=\"_self\" rel=\"noopener\"><br \/>\n<img loading=\"lazy\" decoding=\"async\" src=\"https:\/\/www.eurocampings.nl\/blog\/wp-content\/uploads\/2025\/02\/DE-gif-cca-mpu.gif\" alt=\"g\u00fcnstig campen mit CampingCard\" width=\"300\" height=\"250\" \/><br \/>\n<\/a><\/div>\n<h3>Preise f\u00fcr Wohnmobile mit Skyline-Paket:<\/h3>\n<ul>\n<li>Lyseo Time SkyLine ab 96.550 \u20ac<\/li>\n<li>Campeo Skyline ab 79.740 \u20ac<\/li>\n<\/ul>\n<div id=\"attachment_52949\" style=\"width: 810px\" class=\"wp-caption alignnone\"><img loading=\"lazy\" decoding=\"async\" aria-describedby=\"caption-attachment-52949\" class=\"wp-image-52949 size-full\" src=\"https:\/\/www.eurocampings.de\/blog\/wp-content\/uploads\/2024\/09\/Burstner-lyseo-time-skyline-690.jpg\" alt=\"B\u00fcrstner Lyseo Time Skyline: Stilvolles Wohnmobil mit umfangreicher Ausstattung\" width=\"800\" height=\"533\" srcset=\"https:\/\/www.eurocampings.de\/blog\/wp-content\/uploads\/2024\/09\/Burstner-lyseo-time-skyline-690.jpg 800w, https:\/\/www.eurocampings.de\/blog\/wp-content\/uploads\/2024\/09\/Burstner-lyseo-time-skyline-690-300x200.jpg 300w, https:\/\/www.eurocampings.de\/blog\/wp-content\/uploads\/2024\/09\/Burstner-lyseo-time-skyline-690-768x512.jpg 768w, https:\/\/www.eurocampings.de\/blog\/wp-content\/uploads\/2024\/09\/Burstner-lyseo-time-skyline-690-140x94.jpg 140w\" sizes=\"auto, (max-width: 800px) 100vw, 800px\" \/><p id=\"caption-attachment-52949\" class=\"wp-caption-text\">B\u00fcrstner Lyseo Time Skyline: stilvolles Wohnmobil mit umfangreicher Ausstattung<\/p><\/div>\n<h2 id=\"campeo\">B\u00fcrstner erweitert Campeo-Serie um zwei teilintegrierte Wohnmobile<\/h2>\n<p>B\u00fcrstner erweitert die <a href=\"https:\/\/www.buerstner.com\/de\/de\" target=\"_blank\" rel=\"noopener\">Campeo-Serie<\/a> um die teilintegrierten Campeo TD-Modelle, die auf einem Fiat Ducato-Chassis aufgebaut sind. Es stehen zwei Ausf\u00fchrungen zur Wahl: Smart mit einem 120-PS-Motor und Flex mit einem 140-PS-Motor. Die Serie umfasst f\u00fcnf verschiedene Grundrisse mit L\u00e4ngen zwischen 5,99 und 7,38 Metern. Alle Modelle bieten mindestens vier Sitzpl\u00e4tze und wiegen weniger als 3.500 Kilogramm.<\/p>\n<div id=\"attachment_52939\" style=\"width: 810px\" class=\"wp-caption alignnone\"><img loading=\"lazy\" decoding=\"async\" aria-describedby=\"caption-attachment-52939\" class=\"wp-image-52939 size-full\" src=\"https:\/\/www.eurocampings.de\/blog\/wp-content\/uploads\/2024\/09\/DSC_0186.jpg\" alt=\"Der B\u00fcrstner Campeo TD ist jetzt auch auf Fiat Ducato-Basis erh\u00e4ltlich\" width=\"800\" height=\"533\" srcset=\"https:\/\/www.eurocampings.de\/blog\/wp-content\/uploads\/2024\/09\/DSC_0186.jpg 800w, https:\/\/www.eurocampings.de\/blog\/wp-content\/uploads\/2024\/09\/DSC_0186-300x200.jpg 300w, https:\/\/www.eurocampings.de\/blog\/wp-content\/uploads\/2024\/09\/DSC_0186-768x512.jpg 768w, https:\/\/www.eurocampings.de\/blog\/wp-content\/uploads\/2024\/09\/DSC_0186-140x94.jpg 140w\" sizes=\"auto, (max-width: 800px) 100vw, 800px\" \/><p id=\"caption-attachment-52939\" class=\"wp-caption-text\">Der B\u00fcrstner Campeo TD ist jetzt auch auf Fiat Ducato-Basis erh\u00e4ltlich.<\/p><\/div>\n<p>Ein Beispiel f\u00fcr einen Grundriss ist der Campeo TD 676 G: ein siebensitziges Familien-Wohnmobil mit Etagenbetten im Heck, einem Hubbett und einer umbaubaren Sitzgruppe. Ein weiteres Modell ist der Campeo TD 690 G, der zwei Einzelbetten, eine Eckk\u00fcche und ein flexibel gestaltbares Badezimmer bietet. Dank der stufenlosen thermischen Doppelbodenkonstruktion eignet sich der Campeo TD auch f\u00fcr Wintercamping. Der TD 690 ist ab 90.320 \u20ac erh\u00e4ltlich.<\/p>\n<div id=\"attachment_52935\" style=\"width: 810px\" class=\"wp-caption alignnone\"><img loading=\"lazy\" decoding=\"async\" aria-describedby=\"caption-attachment-52935\" class=\"wp-image-52935 size-full\" src=\"https:\/\/www.eurocampings.de\/blog\/wp-content\/uploads\/2024\/09\/DSC_0208.jpg\" alt=\"Innenraum Campeo TD\" width=\"800\" height=\"533\" srcset=\"https:\/\/www.eurocampings.de\/blog\/wp-content\/uploads\/2024\/09\/DSC_0208.jpg 800w, https:\/\/www.eurocampings.de\/blog\/wp-content\/uploads\/2024\/09\/DSC_0208-300x200.jpg 300w, https:\/\/www.eurocampings.de\/blog\/wp-content\/uploads\/2024\/09\/DSC_0208-768x512.jpg 768w, https:\/\/www.eurocampings.de\/blog\/wp-content\/uploads\/2024\/09\/DSC_0208-140x94.jpg 140w\" sizes=\"auto, (max-width: 800px) 100vw, 800px\" \/><p id=\"caption-attachment-52935\" class=\"wp-caption-text\">Der Innenraum des Campeo TD<\/p><\/div>\n<h2 id=\"globebus\">Dethleffs Globebus jetzt auch in der Active-Ausf\u00fchrung erh\u00e4ltlich<\/h2>\n<p>Dethleffs bringt eine schlanke Globebus-Version auf dem neuen Fiat Ducato-Chassis auf den Markt. Diese neuen Wohnmobile sind in zwei Ausf\u00fchrungen der Active-Serie erh\u00e4ltlich, die beide 2,20 Meter breit sind. Der 5,99 Meter lange T1 bietet ein Querschlafbett im Heck \u00fcber der Garage, w\u00e4hrend der 6,63 Meter lange T4 mit zwei Einzelbetten ausgestattet ist. Die Active-Modelle verf\u00fcgen \u00fcber ein komplett neues Interieur mit heller Polsterung. Zur Ausstattung geh\u00f6ren auch eine Markise, ein Panoramadachfenster \u00fcber dem Sitzbereich, eine Aufbaut\u00fcr mit Fenster und Zentralverriegelung, ein Navigationssystem von Dethleffs, LED-Scheinwerfer und eine R\u00fcckfahrkamera.<\/p>\n<div id=\"attachment_52923\" style=\"width: 810px\" class=\"wp-caption alignnone\"><img loading=\"lazy\" decoding=\"async\" aria-describedby=\"caption-attachment-52923\" class=\"wp-image-52923 size-full\" src=\"https:\/\/www.eurocampings.de\/blog\/wp-content\/uploads\/2024\/09\/Dethleffs-Globebus-Active_halfintegraal-camper.jpg\" alt=\"Der neue Dethleffs Globebus Active auf Fiat Ducato-Basis\" width=\"800\" height=\"533\" srcset=\"https:\/\/www.eurocampings.de\/blog\/wp-content\/uploads\/2024\/09\/Dethleffs-Globebus-Active_halfintegraal-camper.jpg 800w, https:\/\/www.eurocampings.de\/blog\/wp-content\/uploads\/2024\/09\/Dethleffs-Globebus-Active_halfintegraal-camper-300x200.jpg 300w, https:\/\/www.eurocampings.de\/blog\/wp-content\/uploads\/2024\/09\/Dethleffs-Globebus-Active_halfintegraal-camper-768x512.jpg 768w, https:\/\/www.eurocampings.de\/blog\/wp-content\/uploads\/2024\/09\/Dethleffs-Globebus-Active_halfintegraal-camper-140x94.jpg 140w\" sizes=\"auto, (max-width: 800px) 100vw, 800px\" \/><p id=\"caption-attachment-52923\" class=\"wp-caption-text\">Der neue Dethleffs Globebus Active auf Fiat Ducato-Basis<\/p><\/div>\n<h3>Preis f\u00fcr den Dethleffs Globebus Active<\/h3>\n<p>Die Modelle werden ad Werk mit einem 131 Liter gro\u00dfen Kompressork\u00fchlschrank und einer Plisseeverdunkelung f\u00fcr das Fahrerhaus geliefert. Eine Garagent\u00fcr auf der Fahrerseite ist Standard. Die Preise starten ab 84.990 \u20ac.<\/p>\n<div id=\"attachment_52927\" style=\"width: 810px\" class=\"wp-caption alignnone\"><img loading=\"lazy\" decoding=\"async\" aria-describedby=\"caption-attachment-52927\" class=\"wp-image-52927 size-full\" src=\"https:\/\/www.eurocampings.de\/blog\/wp-content\/uploads\/2024\/09\/Dethleffs-Globebus-Active-3.jpg\" alt=\"Innenraum\" width=\"800\" height=\"533\" srcset=\"https:\/\/www.eurocampings.de\/blog\/wp-content\/uploads\/2024\/09\/Dethleffs-Globebus-Active-3.jpg 800w, https:\/\/www.eurocampings.de\/blog\/wp-content\/uploads\/2024\/09\/Dethleffs-Globebus-Active-3-300x200.jpg 300w, https:\/\/www.eurocampings.de\/blog\/wp-content\/uploads\/2024\/09\/Dethleffs-Globebus-Active-3-768x512.jpg 768w, https:\/\/www.eurocampings.de\/blog\/wp-content\/uploads\/2024\/09\/Dethleffs-Globebus-Active-3-140x94.jpg 140w\" sizes=\"auto, (max-width: 800px) 100vw, 800px\" \/><p id=\"caption-attachment-52927\" class=\"wp-caption-text\">Der Innenraum des Dethleffs Globebus Active<\/p><\/div>\n<h2 id=\"tourer\">LMC Tourer jetzt auch auf Ford-Basis erh\u00e4ltlich<\/h2>\n<p><a href=\"https:\/\/www.lmc-caravan.com\/de\/de\/wohnmobile\/wohnmobile-modelluebersicht\" target=\"_blank\" rel=\"noopener\">LMC<\/a> erweitert seine Wohnmobil-Serie Tourer um das Modell H 634, ein teilintegriertes Wohnmobil, das auf einem Ford-Chassis aufgebaut ist. In diesem neuen 706 Zentimeter langen Vier-Personen-Tourer mit Dieselheizung k\u00f6nnen Sie entweder im franz\u00f6sischen Bett im Heck oder im quer eingebauten Hubbett schlafen. Der LMC Tourer H 634 ist ab 94.500 \u20ac bei den niederl\u00e4ndischen H\u00e4ndlern in der Ausstellung verf\u00fcgbar.<\/p>\n<div id=\"attachment_52931\" style=\"width: 829px\" class=\"wp-caption alignnone\"><img loading=\"lazy\" decoding=\"async\" aria-describedby=\"caption-attachment-52931\" class=\"wp-image-52931 size-large\" src=\"https:\/\/www.eurocampings.de\/blog\/wp-content\/uploads\/2024\/09\/18-DJI_0413-819x1024.jpg\" alt=\"LMC Tourer H 634: Neuer teilintegrierter Ford\" width=\"819\" height=\"1024\" srcset=\"https:\/\/www.eurocampings.de\/blog\/wp-content\/uploads\/2024\/09\/18-DJI_0413-819x1024.jpg 819w, https:\/\/www.eurocampings.de\/blog\/wp-content\/uploads\/2024\/09\/18-DJI_0413-240x300.jpg 240w, https:\/\/www.eurocampings.de\/blog\/wp-content\/uploads\/2024\/09\/18-DJI_0413-768x960.jpg 768w, https:\/\/www.eurocampings.de\/blog\/wp-content\/uploads\/2024\/09\/18-DJI_0413-1229x1536.jpg 1229w, https:\/\/www.eurocampings.de\/blog\/wp-content\/uploads\/2024\/09\/18-DJI_0413-1639x2048.jpg 1639w, https:\/\/www.eurocampings.de\/blog\/wp-content\/uploads\/2024\/09\/18-DJI_0413-scaled.jpg 2048w\" sizes=\"auto, (max-width: 819px) 100vw, 819px\" \/><p id=\"caption-attachment-52931\" class=\"wp-caption-text\">Der LMC Tourer H 634: neuer teilintegrierter Ford<\/p><\/div>\n<h2>Wohnwagen mit zwei Etagen<\/h2>\n<p>Die Messe-Neuheiten beschr\u00e4nken sich nat\u00fcrlich nicht nur auf Wohnmobile. So stellte B\u00fcrstner auf dem Fachbesuchertag des <a href=\"https:\/\/www.eurocampings.de\/blog\/listing\/caravan-salon-duesseldorf\/\">Caravan Salon D\u00fcsseldorf<\/a> 2024 einen recht exzentrische Caravan mit aerodynamischem Design und zwei Etagen vor: den Talis.<\/p>\n","protected":false},"excerpt":{"rendered":"<p>Suchen Sie nach einem Wohnmobil oder m\u00f6chten Sie einfach wissen, was es Neues in der Welt der Wohnmobile gibt? ACSI FreeLife und ACSI Eurocampings fassen die wichtigsten Wohnmobil-Neuheiten f\u00fcr 2025 zusammen, damit Sie wissen, worauf Sie auf der Messe oder beim Wohnmobilh\u00e4ndler achten sollten.<\/p>\n","protected":false},"author":84,"featured_media":52944,"comment_status":"open","ping_status":"closed","template":"","meta":{"_acf_changed":false,"footnotes":""},"listing_type":[1419,9804],"class_list":["post-52919","listing","type-listing","status-publish","has-post-thumbnail","hentry","listing_type-campingausrustung","listing_type-campingcard-de","listing_location-deutschland-de"],"acf":[],"_links":{"self":[{"href":"https:\/\/www.eurocampings.de\/blog\/wp-json\/wp\/v2\/listing\/52919","targetHints":{"allow":["GET"]}}],"collection":[{"href":"https:\/\/www.eurocampings.de\/blog\/wp-json\/wp\/v2\/listing"}],"about":[{"href":"https:\/\/www.eurocampings.de\/blog\/wp-json\/wp\/v2\/types\/listing"}],"author":[{"embeddable":true,"href":"https:\/\/www.eurocampings.de\/blog\/wp-json\/wp\/v2\/users\/84"}],"replies":[{"embeddable":true,"href":"https:\/\/www.eurocampings.de\/blog\/wp-json\/wp\/v2\/comments?post=52919"}],"version-history":[{"count":4,"href":"https:\/\/www.eurocampings.de\/blog\/wp-json\/wp\/v2\/listing\/52919\/revisions"}],"predecessor-version":[{"id":57784,"href":"https:\/\/www.eurocampings.de\/blog\/wp-json\/wp\/v2\/listing\/52919\/revisions\/57784"}],"wp:featuredmedia":[{"embeddable":true,"href":"https:\/\/www.eurocampings.de\/blog\/wp-json\/wp\/v2\/media\/52944"}],"wp:attachment":[{"href":"https:\/\/www.eurocampings.de\/blog\/wp-json\/wp\/v2\/media?parent=52919"}],"wp:term":[{"taxonomy":"listing_type","embeddable":true,"href":"https:\/\/www.eurocampings.de\/blog\/wp-json\/wp\/v2\/listing_type?post=52919"}],"curies":[{"name":"wp","href":"https:\/\/api.w.org\/{rel}","templated":true}]}}