{"id":52793,"date":"2024-09-09T12:37:07","date_gmt":"2024-09-09T10:37:07","guid":{"rendered":"https:\/\/www.eurocampings.nl\/blog\/?post_type=listing&#038;p=52793"},"modified":"2024-09-09T12:37:07","modified_gmt":"2024-09-09T10:37:07","slug":"buerstner-wohnwagen-der-zukunft","status":"publish","type":"listing","link":"https:\/\/www.eurocampings.de\/blog\/listing\/buerstner-wohnwagen-der-zukunft\/","title":{"rendered":"B\u00fcrstner pr\u00e4sentiert den Wohnwagen der Zukunft"},"content":{"rendered":"<p><strong>In den vergangenen Monaten hat B\u00fcrstner intensiv an einer zukunftsweisenden Wohnwagen-Studie gearbeitet. Das Ergebnis dieser Bem\u00fchungen war der Talis, ein innovatives Modell, das erstmals auf dem <a href=\"https:\/\/www.eurocampings.de\/blog\/listing\/caravan-salon-duesseldorf\/\">Caravan Salon D\u00fcsseldorf<\/a> 2024 der \u00d6ffentlichkeit vorgestellt wurde.<\/strong><\/p>\n<p>\u201eKlein reisen &#8211; gro\u00df wohnen\u201c So lautet das Motto der Wohnf\u00fchl-Studie von B\u00fcrstner. Der Talis zeichnet sich durch das ausklappbare Heck aus. Dank des sogenannten Air-Xtension-Systems, das bereits vom B\u00fcrstner Lyseo TD Gallery Camper bekannt ist, entsteht ein gro\u00dfz\u00fcgiges L\u00e4ngsbett.<\/p>\n<p><iframe loading=\"lazy\" title=\"YouTube video player\" src=\"https:\/\/www.youtube.com\/embed\/x_vbmJvY_ZU?si=FD_snsG6okMGPX9U\" width=\"560\" height=\"315\" frameborder=\"0\" allowfullscreen=\"allowfullscreen\"><\/iframe><\/p>\n<h2>Kinderspielh\u00f6hle unter dem Bett<\/h2>\n<p>Unter diesem Bett k\u00f6nnen sich die Kleinen in einer richtigen Schlafh\u00f6hle vergn\u00fcgen, die auch als Stauraum genutzt werden kann. Durch das aerodynamische Design in Kombination mit der leichten Bauweise ist der Caravan besonders gut f\u00fcr Elektro- und kleinere Zugfahrzeuge geeignet.<\/p>\n<div id=\"attachment_52837\" style=\"width: 673px\" class=\"wp-caption alignnone\"><img loading=\"lazy\" decoding=\"async\" aria-describedby=\"caption-attachment-52837\" class=\"wp-image-52837 size-full\" src=\"https:\/\/www.eurocampings.de\/blog\/wp-content\/uploads\/2024\/09\/Caravan-Salon-Dusseldorf_Burstner-Talis_bed-en-garage_staand.jpg\" alt=\"Interieur des B\u00fcrstner Talis\" width=\"663\" height=\"800\" srcset=\"https:\/\/www.eurocampings.de\/blog\/wp-content\/uploads\/2024\/09\/Caravan-Salon-Dusseldorf_Burstner-Talis_bed-en-garage_staand.jpg 663w, https:\/\/www.eurocampings.de\/blog\/wp-content\/uploads\/2024\/09\/Caravan-Salon-Dusseldorf_Burstner-Talis_bed-en-garage_staand-249x300.jpg 249w, https:\/\/www.eurocampings.de\/blog\/wp-content\/uploads\/2024\/09\/Caravan-Salon-Dusseldorf_Burstner-Talis_bed-en-garage_staand-260x315.jpg 260w, https:\/\/www.eurocampings.de\/blog\/wp-content\/uploads\/2024\/09\/Caravan-Salon-Dusseldorf_Burstner-Talis_bed-en-garage_staand-140x170.jpg 140w\" sizes=\"auto, (max-width: 663px) 100vw, 663px\" \/><p id=\"caption-attachment-52837\" class=\"wp-caption-text\">Das L\u00e4ngsbett f\u00fcr zwei Personen, unter dem sich die Garage befindet, die sowohl als Stauraum als auch als Spielecke genutzt werden kann.<\/p><\/div>\n<h2>Aerodynamisches Design wie bei einem Fisch<\/h2>\n<p>Um diese aerodynamische Form zu entwickeln, wurden laut B\u00fcrstner zahlreiche Tests durchgef\u00fchrt. In einem virtuellen Windtunnel entstand letztlich eine fisch\u00e4hnliche Au\u00dfensilhouette, wie dem <a href=\"https:\/\/www.buerstner.com\/de\/de\/pressemitteilung\/2024\/30-08-24-talis\" target=\"_blank\" rel=\"noopener\">Pressebericht<\/a> zu entnehmen ist: \u201eVorne wird die Luft durch eine konisch zugespitzte Form aerodynamisch geteilt, am Heck verj\u00fcngt sich die Form von den Seitenw\u00e4nden her, sodass m\u00f6glichst wenig bremsende Verwirbelungen entstehen und der Energieverbrauch des Zugfahrzeugs gering bleibt.\u201c<\/p>\n<div id=\"attachment_52825\" style=\"width: 610px\" class=\"wp-caption alignnone\"><img loading=\"lazy\" decoding=\"async\" aria-describedby=\"caption-attachment-52825\" class=\"wp-image-52825 size-full\" src=\"https:\/\/www.eurocampings.de\/blog\/wp-content\/uploads\/2024\/09\/Burstner-Talis.jpg\" alt=\"L\u00e4ngsbett \" width=\"600\" height=\"800\" srcset=\"https:\/\/www.eurocampings.de\/blog\/wp-content\/uploads\/2024\/09\/Burstner-Talis.jpg 600w, https:\/\/www.eurocampings.de\/blog\/wp-content\/uploads\/2024\/09\/Burstner-Talis-225x300.jpg 225w\" sizes=\"auto, (max-width: 600px) 100vw, 600px\" \/><p id=\"caption-attachment-52825\" class=\"wp-caption-text\">Mit Hilfe dieser aufblasbaren und ausklappbaren Erweiterung am Heck wird auf der \u201ezweiten Etage\u201c ein gro\u00dfz\u00fcgiges L\u00e4ngsbett (200 x 170 cm) geschaffen.<\/p><\/div>\n<h2>Modulare Wohnwagen mit Vanlife-Feeling<\/h2>\n<p>Neben dem AirXtension-System und der fischf\u00f6rmigen Au\u00dfensilhouette weist der Talis noch weitere innovative Features auf. Die K\u00fcche besteht aus einem gaslosen, teilbaren und tragbaren K\u00fcchenmodul mit zwei Induktionskochfeldern. Zusammen mit der verstellbaren Bank und dem Tisch kann die K\u00fcche auch im Freien genutzt werden, um das Vanlife-Feeling zu verst\u00e4rken.<\/p>\n<div id=\"attachment_52829\" style=\"width: 610px\" class=\"wp-caption alignnone\"><img loading=\"lazy\" decoding=\"async\" aria-describedby=\"caption-attachment-52829\" class=\"wp-image-52829 size-full\" src=\"https:\/\/www.eurocampings.de\/blog\/wp-content\/uploads\/2024\/09\/Burstner-Talis_buitenkeuken.jpg\" alt=\"B\u00fcrstner Au\u00dfenk\u00fcche\" width=\"600\" height=\"800\" srcset=\"https:\/\/www.eurocampings.de\/blog\/wp-content\/uploads\/2024\/09\/Burstner-Talis_buitenkeuken.jpg 600w, https:\/\/www.eurocampings.de\/blog\/wp-content\/uploads\/2024\/09\/Burstner-Talis_buitenkeuken-225x300.jpg 225w\" sizes=\"auto, (max-width: 600px) 100vw, 600px\" \/><p id=\"caption-attachment-52829\" class=\"wp-caption-text\">Um diesem Studiemodell ein Vanlife-Feeling zu verleihen, kann die K\u00fcche auch im Freien genutzt werden.<\/p><\/div>\n<h2>Ger\u00e4uschd\u00e4mpfende Holzverkleidungen<\/h2>\n<p>F\u00fcr kleinere Gep\u00e4ckst\u00fccke stehen herausnehmbare Boxen zur Verf\u00fcgung, die auch als Einkaufstaschen verwendet werden k\u00f6nnen. Hinter diesen Boxen bestehen die Innenw\u00e4nde aus Akustikpaneelen aus Holz zur Ger\u00e4uschd\u00e4mpfung. Die Beleuchtung erfolgt ausschlie\u00dflich \u00fcber verstellbare Akkuleuchten. Nicht zuletzt ist der Sanit\u00e4rbereich mit einer verstaubaren, selbstversorgenden Trenntoilette ohne Chemikalien ausgestattet.<\/p>\n<div id=\"attachment_52833\" style=\"width: 610px\" class=\"wp-caption alignnone\"><img loading=\"lazy\" decoding=\"async\" aria-describedby=\"caption-attachment-52833\" class=\"wp-image-52833 size-full\" src=\"https:\/\/www.eurocampings.de\/blog\/wp-content\/uploads\/2024\/09\/Burstner-Talis_keuken-binnen.jpg\" alt=\"B\u00fcrstner Talis K\u00fcche\" width=\"600\" height=\"800\" srcset=\"https:\/\/www.eurocampings.de\/blog\/wp-content\/uploads\/2024\/09\/Burstner-Talis_keuken-binnen.jpg 600w, https:\/\/www.eurocampings.de\/blog\/wp-content\/uploads\/2024\/09\/Burstner-Talis_keuken-binnen-225x300.jpg 225w\" sizes=\"auto, (max-width: 600px) 100vw, 600px\" \/><p id=\"caption-attachment-52833\" class=\"wp-caption-text\">Die farbenfrohe K\u00fcche ist mit einem herausnehmbaren Kochmodul ausgestattet, das aus zwei Induktionskochfeldern besteht.<\/p><\/div>\n<h2>\u201eFast jedes Auto kann den Talis ziehen\u201c<\/h2>\n<p>B\u00fcrstner beschreibt den Talis als die aktuelle #wohnf\u00fchlen-Studie &#8222;mit der wir zeigen, wie wir bei B\u00fcrstner die Zukunft des Caravans sehen. Elektromobilit\u00e4t, geringer Verbrauch und Leichtbau werden immer wichtiger. Fast jedes Auto kann den TALIS ziehen, inklusive E-Autos&#8220;, erkl\u00e4rt Jens Kromer, Vorsitzender der Gesch\u00e4ftsf\u00fchrung der <a href=\"https:\/\/www.buerstner.com\/de\/de\" target=\"_blank\" rel=\"noopener\">B\u00fcrstner GmbH &amp; Co. KG<\/a>.<\/p>\n<h2>Caravanstudie von B\u00fcrstner<\/h2>\n<p>Sollten Sie nun denken, \u201edas ist mein Traumcaravan\u201c, m\u00fcssen Sie noch etwas Geduld haben. Der B\u00fcrstner Talis ist vorerst nur ein Studienmodell und daher leider noch nicht k\u00e4uflich erwerbbar.<\/p>\n\n","protected":false},"excerpt":{"rendered":"<p>In den vergangenen Monaten hat B\u00fcrstner intensiv an einem zukunftsweisenden Caravan-Konzept gearbeitet. Das Ergebnis dieser Bem\u00fchungen war der Talis, ein innovatives Modell, das erstmals auf dem Caravan Salon D\u00fcsseldorf 2024 der \u00d6ffentlichkeit vorgestellt wurde.<\/p>\n","protected":false},"author":84,"featured_media":52797,"comment_status":"open","ping_status":"closed","template":"","meta":{"_acf_changed":false,"footnotes":""},"listing_type":[1419],"class_list":["post-52793","listing","type-listing","status-publish","has-post-thumbnail","hentry","listing_type-campingausrustung","listing_location-deutschland-de"],"acf":[],"_links":{"self":[{"href":"https:\/\/www.eurocampings.de\/blog\/wp-json\/wp\/v2\/listing\/52793","targetHints":{"allow":["GET"]}}],"collection":[{"href":"https:\/\/www.eurocampings.de\/blog\/wp-json\/wp\/v2\/listing"}],"about":[{"href":"https:\/\/www.eurocampings.de\/blog\/wp-json\/wp\/v2\/types\/listing"}],"author":[{"embeddable":true,"href":"https:\/\/www.eurocampings.de\/blog\/wp-json\/wp\/v2\/users\/84"}],"replies":[{"embeddable":true,"href":"https:\/\/www.eurocampings.de\/blog\/wp-json\/wp\/v2\/comments?post=52793"}],"version-history":[{"count":4,"href":"https:\/\/www.eurocampings.de\/blog\/wp-json\/wp\/v2\/listing\/52793\/revisions"}],"predecessor-version":[{"id":52948,"href":"https:\/\/www.eurocampings.de\/blog\/wp-json\/wp\/v2\/listing\/52793\/revisions\/52948"}],"wp:featuredmedia":[{"embeddable":true,"href":"https:\/\/www.eurocampings.de\/blog\/wp-json\/wp\/v2\/media\/52797"}],"wp:attachment":[{"href":"https:\/\/www.eurocampings.de\/blog\/wp-json\/wp\/v2\/media?parent=52793"}],"wp:term":[{"taxonomy":"listing_type","embeddable":true,"href":"https:\/\/www.eurocampings.de\/blog\/wp-json\/wp\/v2\/listing_type?post=52793"}],"curies":[{"name":"wp","href":"https:\/\/api.w.org\/{rel}","templated":true}]}}